{"id":805,"date":"2023-01-10T16:49:32","date_gmt":"2023-01-10T16:49:32","guid":{"rendered":"https:\/\/fhsrdc.wpcomstaging.com\/?page_id=805"},"modified":"2023-01-29T18:06:10","modified_gmt":"2023-01-29T18:06:10","slug":"unser-auftrag","status":"publish","type":"page","link":"https:\/\/fhs.cd\/de\/wer-wir-sind\/unser-auftrag\/","title":{"rendered":"Unser Auftrag"},"content":{"rendered":"\t\t<div data-elementor-type=\"wp-page\" data-elementor-id=\"805\" class=\"elementor elementor-805\">\n\t\t\t\t\t\t<section class=\"elementor-section elementor-top-section elementor-element elementor-element-f101554 elementor-section-boxed elementor-section-height-default elementor-section-height-default qodef-elementor-content-no\" data-id=\"f101554\" data-element_type=\"section\" data-e-type=\"section\">\n\t\t\t\t\t\t<div class=\"elementor-container elementor-column-gap-default\">\n\t\t\t\t\t<div class=\"elementor-column elementor-col-100 elementor-top-column elementor-element elementor-element-dcf64ab\" data-id=\"dcf64ab\" data-element_type=\"column\" data-e-type=\"column\">\n\t\t\t<div class=\"elementor-widget-wrap elementor-element-populated\">\n\t\t\t\t\t\t<div class=\"elementor-element elementor-element-74e9423 elementor-widget elementor-widget-text-editor\" data-id=\"74e9423\" data-element_type=\"widget\" data-e-type=\"widget\" data-widget_type=\"text-editor.default\">\n\t\t\t\t<div class=\"elementor-widget-container\">\n\t\t\t\t\t\t\t\t\t<p><strong>Die Hanns-Seidel-Stiftung ist seit 1979 in der Demokratischen Republik Kongo t\u00e4tig. Das entwicklungspolitische Programm der FHS richtet sich vor allem an die Basisgemeinschaften. In Zusammenarbeit mit ihren verschiedenen lokalen Partnern unterst\u00fctzt die FHS Ma\u00dfnahmen, die eine St\u00e4rkung der Demokratie und der guten Regierungsf\u00fchrung in der DR Kongo erm\u00f6glichen, f\u00fcr eine starke und dynamische Zivilgesellschaft.<\/strong>\u00a0Unsere entwicklungspolitischen Programme im Kongo sind in folgende Hauptbereiche gegliedert:<\/p>\t\t\t\t\t\t\t\t<\/div>\n\t\t\t\t<\/div>\n\t\t\t\t\t<\/div>\n\t\t<\/div>\n\t\t\t\t\t<\/div>\n\t\t<\/section>\n\t\t\t\t<section class=\"elementor-section elementor-top-section elementor-element elementor-element-60a0298 elementor-section-boxed elementor-section-height-default elementor-section-height-default qodef-elementor-content-no\" data-id=\"60a0298\" data-element_type=\"section\" data-e-type=\"section\">\n\t\t\t\t\t\t<div class=\"elementor-container elementor-column-gap-default\">\n\t\t\t\t\t<div class=\"elementor-column elementor-col-50 elementor-top-column elementor-element elementor-element-6162bfa\" data-id=\"6162bfa\" data-element_type=\"column\" data-e-type=\"column\">\n\t\t\t<div class=\"elementor-widget-wrap elementor-element-populated\">\n\t\t\t\t\t\t<div class=\"elementor-element elementor-element-d9754d4 elementor-widget elementor-widget-text-editor\" data-id=\"d9754d4\" data-element_type=\"widget\" data-e-type=\"widget\" data-widget_type=\"text-editor.default\">\n\t\t\t\t<div class=\"elementor-widget-container\">\n\t\t\t\t\t\t\t\t\t<ul><li>F\u00f6rderung der Demokratie;<\/li><li>F\u00f6rderung der guten Regierungsf\u00fchrung;<\/li><li>Unterst\u00fctzung der Dezentralisierung;<\/li><li>Unterst\u00fctzung von Akteuren der Zivilgesellschaft;<\/li><li>Ausbildung in der Landwirtschaft (Agroforstwirtschaft);<\/li><\/ul>\t\t\t\t\t\t\t\t<\/div>\n\t\t\t\t<\/div>\n\t\t\t\t\t<\/div>\n\t\t<\/div>\n\t\t\t\t<div class=\"elementor-column elementor-col-50 elementor-top-column elementor-element elementor-element-186374c\" data-id=\"186374c\" data-element_type=\"column\" data-e-type=\"column\">\n\t\t\t<div class=\"elementor-widget-wrap elementor-element-populated\">\n\t\t\t\t\t\t<div class=\"elementor-element elementor-element-f9831b5 elementor-widget elementor-widget-text-editor\" data-id=\"f9831b5\" data-element_type=\"widget\" data-e-type=\"widget\" data-widget_type=\"text-editor.default\">\n\t\t\t\t<div class=\"elementor-widget-container\">\n\t\t\t\t\t\t\t\t\t<ul><li>Berufsbildung;<\/li><li>Konfliktpr\u00e4vention;<\/li><li>Kampf gegen die Armut;<\/li><li>Sicherung von Land.<\/li><\/ul>\t\t\t\t\t\t\t\t<\/div>\n\t\t\t\t<\/div>\n\t\t\t\t\t<\/div>\n\t\t<\/div>\n\t\t\t\t\t<\/div>\n\t\t<\/section>\n\t\t\t\t<section class=\"elementor-section elementor-top-section elementor-element elementor-element-1636be0 elementor-section-boxed elementor-section-height-default elementor-section-height-default qodef-elementor-content-no\" data-id=\"1636be0\" data-element_type=\"section\" data-e-type=\"section\">\n\t\t\t\t\t\t<div class=\"elementor-container elementor-column-gap-default\">\n\t\t\t\t\t<div class=\"elementor-column elementor-col-50 elementor-top-column elementor-element elementor-element-1378ebd\" data-id=\"1378ebd\" data-element_type=\"column\" data-e-type=\"column\">\n\t\t\t<div class=\"elementor-widget-wrap elementor-element-populated\">\n\t\t\t\t\t\t<div class=\"elementor-element elementor-element-d8d0a59 elementor-widget elementor-widget-image\" data-id=\"d8d0a59\" data-element_type=\"widget\" data-e-type=\"widget\" data-widget_type=\"image.default\">\n\t\t\t\t<div class=\"elementor-widget-container\">\n\t\t\t\t\t\t\t\t\t\t\t\t\t\t\t<img fetchpriority=\"high\" decoding=\"async\" width=\"1024\" height=\"683\" src=\"https:\/\/fhs.cd\/de\/wp-content\/uploads\/2023\/01\/2019-02-08_Kinshasa_MD_0005-1024x683.jpg\" class=\"attachment-large size-large wp-image-3330\" alt=\"\" srcset=\"https:\/\/fhs.cd\/de\/wp-content\/uploads\/2023\/01\/2019-02-08_Kinshasa_MD_0005-1024x683.jpg 1024w, https:\/\/fhs.cd\/de\/wp-content\/uploads\/2023\/01\/2019-02-08_Kinshasa_MD_0005-300x200.jpg 300w, https:\/\/fhs.cd\/de\/wp-content\/uploads\/2023\/01\/2019-02-08_Kinshasa_MD_0005-768x512.jpg 768w, https:\/\/fhs.cd\/de\/wp-content\/uploads\/2023\/01\/2019-02-08_Kinshasa_MD_0005-1536x1024.jpg 1536w, https:\/\/fhs.cd\/de\/wp-content\/uploads\/2023\/01\/2019-02-08_Kinshasa_MD_0005.jpg 1600w\" sizes=\"(max-width: 1024px) 100vw, 1024px\" \/>\t\t\t\t\t\t\t\t\t\t\t\t\t\t\t<\/div>\n\t\t\t\t<\/div>\n\t\t\t\t\t<\/div>\n\t\t<\/div>\n\t\t\t\t<div class=\"elementor-column elementor-col-50 elementor-top-column elementor-element elementor-element-9f14cff\" data-id=\"9f14cff\" data-element_type=\"column\" data-e-type=\"column\">\n\t\t\t<div class=\"elementor-widget-wrap elementor-element-populated\">\n\t\t\t\t\t\t<div class=\"elementor-element elementor-element-b5f6f9b elementor-widget elementor-widget-text-editor\" data-id=\"b5f6f9b\" data-element_type=\"widget\" data-e-type=\"widget\" data-widget_type=\"text-editor.default\">\n\t\t\t\t<div class=\"elementor-widget-container\">\n\t\t\t\t\t\t\t\t\t<p>Unsere Mission ist die F\u00f6rderung von Demokratie, Frieden, guter Regierungsf\u00fchrung und nachhaltiger Entwicklung. Zu diesem Zweck unterst\u00fctzen wir die Partnerorganisationen und -institutionen bei der staatsb\u00fcrgerlichen, politischen und wahlpolitischen Bildung, bei der St\u00e4rkung des Dialogs zwischen staatlichen Akteuren und lokalen Beh\u00f6rden, bei der F\u00f6rderung der wirtschaftlichen Eigenst\u00e4ndigkeit der l\u00e4ndlichen und marginalisierten Bev\u00f6lkerung und bei der Modernisierung des kongolesischen Verwaltungsapparats.<\/p>\t\t\t\t\t\t\t\t<\/div>\n\t\t\t\t<\/div>\n\t\t\t\t\t<\/div>\n\t\t<\/div>\n\t\t\t\t\t<\/div>\n\t\t<\/section>\n\t\t\t\t<section class=\"elementor-section elementor-top-section elementor-element elementor-element-c8d4233 elementor-section-boxed elementor-section-height-default elementor-section-height-default qodef-elementor-content-no\" data-id=\"c8d4233\" data-element_type=\"section\" data-e-type=\"section\">\n\t\t\t\t\t\t<div class=\"elementor-container elementor-column-gap-default\">\n\t\t\t\t\t<div class=\"elementor-column elementor-col-100 elementor-top-column elementor-element elementor-element-d39eba2\" data-id=\"d39eba2\" data-element_type=\"column\" data-e-type=\"column\">\n\t\t\t<div class=\"elementor-widget-wrap elementor-element-populated\">\n\t\t\t\t\t\t<div class=\"elementor-element elementor-element-e401668 elementor-widget elementor-widget-heading\" data-id=\"e401668\" data-element_type=\"widget\" data-e-type=\"widget\" data-widget_type=\"heading.default\">\n\t\t\t\t<div class=\"elementor-widget-container\">\n\t\t\t\t\t<h2 class=\"elementor-heading-title elementor-size-default\">Unsere Ziele<\/h2>\t\t\t\t<\/div>\n\t\t\t\t<\/div>\n\t\t\t\t\t<\/div>\n\t\t<\/div>\n\t\t\t\t\t<\/div>\n\t\t<\/section>\n\t\t\t\t<section class=\"elementor-section elementor-top-section elementor-element elementor-element-c25dc9d elementor-section-boxed elementor-section-height-default elementor-section-height-default qodef-elementor-content-no\" data-id=\"c25dc9d\" data-element_type=\"section\" data-e-type=\"section\">\n\t\t\t\t\t\t<div class=\"elementor-container elementor-column-gap-default\">\n\t\t\t\t\t<div class=\"elementor-column elementor-col-100 elementor-top-column elementor-element elementor-element-747e0af\" data-id=\"747e0af\" data-element_type=\"column\" data-e-type=\"column\">\n\t\t\t<div class=\"elementor-widget-wrap elementor-element-populated\">\n\t\t\t\t\t\t<div class=\"elementor-element elementor-element-4508bc2 elementor-widget elementor-widget-text-editor\" data-id=\"4508bc2\" data-element_type=\"widget\" data-e-type=\"widget\" data-widget_type=\"text-editor.default\">\n\t\t\t\t<div class=\"elementor-widget-container\">\n\t\t\t\t\t\t\t\t\t<ul><li>Beitrag zur Konsolidierung der Demokratie in der DRK und F\u00f6rderung einer verantwortungsvollen \u00f6ffentlichen und privaten Regierungsf\u00fchrung durch Schulung und Sensibilisierung der Zivilgesellschaft, Verbreitung von Gesetzen und St\u00e4rkung der B\u00fcrgerbeteiligung;<\/li><li>F\u00f6rderung des Dialogs zwischen zivilgesellschaftlichen Organisationen und staatlichen und traditionellen Autorit\u00e4ten als Mechanismus f\u00fcr eine partizipative Entwicklung;<\/li><li>Beitrag zur wirtschaftlichen St\u00e4rkung der l\u00e4ndlichen Bev\u00f6lkerung durch die Begleitung b\u00e4uerlicher Landwirtschaftsverb\u00e4nde, die F\u00f6rderung des Zugangs zu Land und die Unterst\u00fctzung der Reform des Bodengesetzes;<\/li><li>F\u00f6rderung einer nachhaltigen Umwelt und Bek\u00e4mpfung der Entwaldung durch die Einf\u00fchrung der Praxis der Agroforstwirtschaft bei der l\u00e4ndlichen Bev\u00f6lkerung;<\/li><li>Beitrag zur Steigerung der Effizienz der \u00f6ffentlichen Verwaltung durch die Ausbildung von F\u00fchrungskr\u00e4ften und Staatsbediensteten in Mikroinformatik und die Einf\u00fchrung von Computern als Arbeitsmittel in den staatlichen Dienststellen.<\/li><\/ul>\t\t\t\t\t\t\t\t<\/div>\n\t\t\t\t<\/div>\n\t\t\t\t\t<\/div>\n\t\t<\/div>\n\t\t\t\t\t<\/div>\n\t\t<\/section>\n\t\t\t\t<section class=\"elementor-section elementor-top-section elementor-element elementor-element-e21afc3 elementor-section-boxed elementor-section-height-default elementor-section-height-default qodef-elementor-content-no\" data-id=\"e21afc3\" data-element_type=\"section\" data-e-type=\"section\">\n\t\t\t\t\t\t<div class=\"elementor-container elementor-column-gap-default\">\n\t\t\t\t\t<div class=\"elementor-column elementor-col-50 elementor-top-column elementor-element elementor-element-9325b19\" data-id=\"9325b19\" data-element_type=\"column\" data-e-type=\"column\">\n\t\t\t<div class=\"elementor-widget-wrap elementor-element-populated\">\n\t\t\t\t\t\t<div class=\"elementor-element elementor-element-124b86e elementor-widget elementor-widget-image\" data-id=\"124b86e\" data-element_type=\"widget\" data-e-type=\"widget\" data-widget_type=\"image.default\">\n\t\t\t\t<div class=\"elementor-widget-container\">\n\t\t\t\t\t\t\t\t\t\t\t\t\t\t\t<img decoding=\"async\" width=\"1024\" height=\"683\" src=\"https:\/\/fhs.cd\/de\/wp-content\/uploads\/2023\/01\/2019-02-20_NTSIO_Tag-10_MD_0001-1024x683.jpg\" class=\"attachment-large size-large wp-image-3271\" alt=\"\" srcset=\"https:\/\/fhs.cd\/de\/wp-content\/uploads\/2023\/01\/2019-02-20_NTSIO_Tag-10_MD_0001-1024x683.jpg 1024w, https:\/\/fhs.cd\/de\/wp-content\/uploads\/2023\/01\/2019-02-20_NTSIO_Tag-10_MD_0001-300x200.jpg 300w, https:\/\/fhs.cd\/de\/wp-content\/uploads\/2023\/01\/2019-02-20_NTSIO_Tag-10_MD_0001-768x512.jpg 768w, https:\/\/fhs.cd\/de\/wp-content\/uploads\/2023\/01\/2019-02-20_NTSIO_Tag-10_MD_0001-1536x1024.jpg 1536w, https:\/\/fhs.cd\/de\/wp-content\/uploads\/2023\/01\/2019-02-20_NTSIO_Tag-10_MD_0001.jpg 1600w\" sizes=\"(max-width: 1024px) 100vw, 1024px\" \/>\t\t\t\t\t\t\t\t\t\t\t\t\t\t\t<\/div>\n\t\t\t\t<\/div>\n\t\t\t\t\t<\/div>\n\t\t<\/div>\n\t\t\t\t<div class=\"elementor-column elementor-col-50 elementor-top-column elementor-element elementor-element-20d0014\" data-id=\"20d0014\" data-element_type=\"column\" data-e-type=\"column\">\n\t\t\t<div class=\"elementor-widget-wrap elementor-element-populated\">\n\t\t\t\t\t\t<div class=\"elementor-element elementor-element-90b26b9 elementor-widget elementor-widget-image\" data-id=\"90b26b9\" data-element_type=\"widget\" data-e-type=\"widget\" data-widget_type=\"image.default\">\n\t\t\t\t<div class=\"elementor-widget-container\">\n\t\t\t\t\t\t\t\t\t\t\t\t\t\t\t<img decoding=\"async\" width=\"1024\" height=\"683\" src=\"https:\/\/fhs.cd\/de\/wp-content\/uploads\/2023\/01\/2019-02-20_NTSIO_Tag-10_MD_0018-1-1024x683.jpg\" class=\"attachment-large size-large wp-image-3332\" alt=\"\" srcset=\"https:\/\/fhs.cd\/de\/wp-content\/uploads\/2023\/01\/2019-02-20_NTSIO_Tag-10_MD_0018-1-1024x683.jpg 1024w, https:\/\/fhs.cd\/de\/wp-content\/uploads\/2023\/01\/2019-02-20_NTSIO_Tag-10_MD_0018-1-300x200.jpg 300w, https:\/\/fhs.cd\/de\/wp-content\/uploads\/2023\/01\/2019-02-20_NTSIO_Tag-10_MD_0018-1-768x512.jpg 768w, https:\/\/fhs.cd\/de\/wp-content\/uploads\/2023\/01\/2019-02-20_NTSIO_Tag-10_MD_0018-1-1536x1024.jpg 1536w, https:\/\/fhs.cd\/de\/wp-content\/uploads\/2023\/01\/2019-02-20_NTSIO_Tag-10_MD_0018-1.jpg 1600w\" sizes=\"(max-width: 1024px) 100vw, 1024px\" \/>\t\t\t\t\t\t\t\t\t\t\t\t\t\t\t<\/div>\n\t\t\t\t<\/div>\n\t\t\t\t\t<\/div>\n\t\t<\/div>\n\t\t\t\t\t<\/div>\n\t\t<\/section>\n\t\t\t\t<section class=\"elementor-section elementor-top-section elementor-element elementor-element-97adc4a elementor-section-boxed elementor-section-height-default elementor-section-height-default qodef-elementor-content-no\" data-id=\"97adc4a\" data-element_type=\"section\" data-e-type=\"section\">\n\t\t\t\t\t\t<div class=\"elementor-container elementor-column-gap-default\">\n\t\t\t\t\t<div class=\"elementor-column elementor-col-100 elementor-top-column elementor-element elementor-element-d231fe1\" data-id=\"d231fe1\" data-element_type=\"column\" data-e-type=\"column\">\n\t\t\t<div class=\"elementor-widget-wrap elementor-element-populated\">\n\t\t\t\t\t\t<div class=\"elementor-element elementor-element-6b74065 elementor-widget elementor-widget-text-editor\" data-id=\"6b74065\" data-element_type=\"widget\" data-e-type=\"widget\" data-widget_type=\"text-editor.default\">\n\t\t\t\t<div class=\"elementor-widget-container\">\n\t\t\t\t\t\t\t\t\t<p>\u00a9 Manuel Dorn<\/p>\t\t\t\t\t\t\t\t<\/div>\n\t\t\t\t<\/div>\n\t\t\t\t\t<\/div>\n\t\t<\/div>\n\t\t\t\t\t<\/div>\n\t\t<\/section>\n\t\t\t\t<\/div>\n\t\t","protected":false},"excerpt":{"rendered":"<p>Die Hanns-Seidel-Stiftung ist seit 1979 in der Demokratischen Republik Kongo t\u00e4tig. Das entwicklungspolitische Programm der [&hellip;]<\/p>\n","protected":false},"author":1,"featured_media":0,"parent":457,"menu_order":0,"comment_status":"closed","ping_status":"closed","template":"wp-custom-template-notre-mission","meta":{"_crdt_document":"","footnotes":""},"class_list":["post-805","page","type-page","status-publish","hentry"],"yoast_head":"<!-- This site is optimized with the Yoast SEO plugin v27.4 - https:\/\/yoast.com\/product\/yoast-seo-wordpress\/ -->\r\n<title>Unser Auftrag | Fondation Hanns Seidel<\/title>\r\n<meta name=\"robots\" content=\"index, follow, max-snippet:-1, max-image-preview:large, max-video-preview:-1\" \/>\r\n<link rel=\"canonical\" href=\"https:\/\/fhs.cd\/de\/wer-wir-sind\/unser-auftrag\/\" \/>\r\n<meta property=\"og:locale\" content=\"fr_FR\" \/>\r\n<meta property=\"og:type\" content=\"article\" \/>\r\n<meta property=\"og:title\" content=\"Unser Auftrag | Fondation Hanns Seidel\" \/>\r\n<meta property=\"og:description\" content=\"Die Hanns-Seidel-Stiftung ist seit 1979 in der Demokratischen Republik Kongo t\u00e4tig. Das entwicklungspolitische Programm der [&hellip;]\" \/>\r\n<meta property=\"og:url\" content=\"https:\/\/fhs.cd\/de\/wer-wir-sind\/unser-auftrag\/\" \/>\r\n<meta property=\"og:site_name\" content=\"Fondation Hanns Seidel\" \/>\r\n<meta property=\"article:modified_time\" content=\"2023-01-29T18:06:10+00:00\" \/>\r\n<meta property=\"og:image\" content=\"https:\/\/fhs.cd\/de\/wp-content\/uploads\/2023\/01\/2019-02-08_Kinshasa_MD_0005-1024x683.jpg\" \/>\r\n<meta name=\"twitter:card\" content=\"summary_large_image\" \/>\r\n<meta name=\"twitter:label1\" content=\"Dur\u00e9e de lecture estim\u00e9e\" \/>\n\t<meta name=\"twitter:data1\" content=\"3 minutes\" \/>\r\n<script type=\"application\/ld+json\" class=\"yoast-schema-graph\">{\"@context\":\"https:\\\/\\\/schema.org\",\"@graph\":[{\"@type\":\"WebPage\",\"@id\":\"https:\\\/\\\/fhs.cd\\\/de\\\/wer-wir-sind\\\/unser-auftrag\\\/\",\"url\":\"https:\\\/\\\/fhs.cd\\\/de\\\/wer-wir-sind\\\/unser-auftrag\\\/\",\"name\":\"Unser Auftrag | Fondation Hanns Seidel\",\"isPartOf\":{\"@id\":\"https:\\\/\\\/fhs.cd\\\/de\\\/#website\"},\"primaryImageOfPage\":{\"@id\":\"https:\\\/\\\/fhs.cd\\\/de\\\/wer-wir-sind\\\/unser-auftrag\\\/#primaryimage\"},\"image\":{\"@id\":\"https:\\\/\\\/fhs.cd\\\/de\\\/wer-wir-sind\\\/unser-auftrag\\\/#primaryimage\"},\"thumbnailUrl\":\"https:\\\/\\\/fhs.cd\\\/de\\\/wp-content\\\/uploads\\\/2023\\\/01\\\/2019-02-08_Kinshasa_MD_0005-1024x683.jpg\",\"datePublished\":\"2023-01-10T16:49:32+00:00\",\"dateModified\":\"2023-01-29T18:06:10+00:00\",\"breadcrumb\":{\"@id\":\"https:\\\/\\\/fhs.cd\\\/de\\\/wer-wir-sind\\\/unser-auftrag\\\/#breadcrumb\"},\"inLanguage\":\"fr-FR\",\"potentialAction\":[{\"@type\":\"ReadAction\",\"target\":[\"https:\\\/\\\/fhs.cd\\\/de\\\/wer-wir-sind\\\/unser-auftrag\\\/\"]}]},{\"@type\":\"ImageObject\",\"inLanguage\":\"fr-FR\",\"@id\":\"https:\\\/\\\/fhs.cd\\\/de\\\/wer-wir-sind\\\/unser-auftrag\\\/#primaryimage\",\"url\":\"https:\\\/\\\/fhs.cd\\\/de\\\/wp-content\\\/uploads\\\/2023\\\/01\\\/2019-02-08_Kinshasa_MD_0005.jpg\",\"contentUrl\":\"https:\\\/\\\/fhs.cd\\\/de\\\/wp-content\\\/uploads\\\/2023\\\/01\\\/2019-02-08_Kinshasa_MD_0005.jpg\",\"width\":1600,\"height\":1067},{\"@type\":\"BreadcrumbList\",\"@id\":\"https:\\\/\\\/fhs.cd\\\/de\\\/wer-wir-sind\\\/unser-auftrag\\\/#breadcrumb\",\"itemListElement\":[{\"@type\":\"ListItem\",\"position\":1,\"name\":\"Accueil\",\"item\":\"https:\\\/\\\/fhs.cd\\\/de\\\/\"},{\"@type\":\"ListItem\",\"position\":2,\"name\":\"Wer wir sind\",\"item\":\"https:\\\/\\\/fhs.cd\\\/de\\\/wer-wir-sind\\\/\"},{\"@type\":\"ListItem\",\"position\":3,\"name\":\"Unser Auftrag\"}]},{\"@type\":\"WebSite\",\"@id\":\"https:\\\/\\\/fhs.cd\\\/de\\\/#website\",\"url\":\"https:\\\/\\\/fhs.cd\\\/de\\\/\",\"name\":\"Fondation Hanns Seidel\",\"description\":\"\",\"publisher\":{\"@id\":\"https:\\\/\\\/fhs.cd\\\/de\\\/#organization\"},\"potentialAction\":[{\"@type\":\"SearchAction\",\"target\":{\"@type\":\"EntryPoint\",\"urlTemplate\":\"https:\\\/\\\/fhs.cd\\\/de\\\/?s={search_term_string}\"},\"query-input\":{\"@type\":\"PropertyValueSpecification\",\"valueRequired\":true,\"valueName\":\"search_term_string\"}}],\"inLanguage\":\"fr-FR\"},{\"@type\":\"Organization\",\"@id\":\"https:\\\/\\\/fhs.cd\\\/de\\\/#organization\",\"name\":\"Fondation Hanns Seidel\",\"url\":\"https:\\\/\\\/fhs.cd\\\/de\\\/\",\"logo\":{\"@type\":\"ImageObject\",\"inLanguage\":\"fr-FR\",\"@id\":\"https:\\\/\\\/fhs.cd\\\/de\\\/#\\\/schema\\\/logo\\\/image\\\/\",\"url\":\"https:\\\/\\\/fhs.cd\\\/de\\\/wp-content\\\/uploads\\\/2023\\\/01\\\/cropped-FHS-Logo_fran_RGB_40.jpg\",\"contentUrl\":\"https:\\\/\\\/fhs.cd\\\/de\\\/wp-content\\\/uploads\\\/2023\\\/01\\\/cropped-FHS-Logo_fran_RGB_40.jpg\",\"width\":570,\"height\":280,\"caption\":\"Fondation Hanns Seidel\"},\"image\":{\"@id\":\"https:\\\/\\\/fhs.cd\\\/de\\\/#\\\/schema\\\/logo\\\/image\\\/\"}}]}<\/script>\r\n<!-- \/ Yoast SEO plugin. -->","yoast_head_json":{"title":"Unser Auftrag | Fondation Hanns Seidel","robots":{"index":"index","follow":"follow","max-snippet":"max-snippet:-1","max-image-preview":"max-image-preview:large","max-video-preview":"max-video-preview:-1"},"canonical":"https:\/\/fhs.cd\/de\/wer-wir-sind\/unser-auftrag\/","og_locale":"fr_FR","og_type":"article","og_title":"Unser Auftrag | Fondation Hanns Seidel","og_description":"Die Hanns-Seidel-Stiftung ist seit 1979 in der Demokratischen Republik Kongo t\u00e4tig. Das entwicklungspolitische Programm der [&hellip;]","og_url":"https:\/\/fhs.cd\/de\/wer-wir-sind\/unser-auftrag\/","og_site_name":"Fondation Hanns Seidel","article_modified_time":"2023-01-29T18:06:10+00:00","og_image":[{"url":"https:\/\/fhs.cd\/de\/wp-content\/uploads\/2023\/01\/2019-02-08_Kinshasa_MD_0005-1024x683.jpg","type":"","width":"","height":""}],"twitter_card":"summary_large_image","twitter_misc":{"Dur\u00e9e de lecture estim\u00e9e":"3 minutes"},"schema":{"@context":"https:\/\/schema.org","@graph":[{"@type":"WebPage","@id":"https:\/\/fhs.cd\/de\/wer-wir-sind\/unser-auftrag\/","url":"https:\/\/fhs.cd\/de\/wer-wir-sind\/unser-auftrag\/","name":"Unser Auftrag | Fondation Hanns Seidel","isPartOf":{"@id":"https:\/\/fhs.cd\/de\/#website"},"primaryImageOfPage":{"@id":"https:\/\/fhs.cd\/de\/wer-wir-sind\/unser-auftrag\/#primaryimage"},"image":{"@id":"https:\/\/fhs.cd\/de\/wer-wir-sind\/unser-auftrag\/#primaryimage"},"thumbnailUrl":"https:\/\/fhs.cd\/de\/wp-content\/uploads\/2023\/01\/2019-02-08_Kinshasa_MD_0005-1024x683.jpg","datePublished":"2023-01-10T16:49:32+00:00","dateModified":"2023-01-29T18:06:10+00:00","breadcrumb":{"@id":"https:\/\/fhs.cd\/de\/wer-wir-sind\/unser-auftrag\/#breadcrumb"},"inLanguage":"fr-FR","potentialAction":[{"@type":"ReadAction","target":["https:\/\/fhs.cd\/de\/wer-wir-sind\/unser-auftrag\/"]}]},{"@type":"ImageObject","inLanguage":"fr-FR","@id":"https:\/\/fhs.cd\/de\/wer-wir-sind\/unser-auftrag\/#primaryimage","url":"https:\/\/fhs.cd\/de\/wp-content\/uploads\/2023\/01\/2019-02-08_Kinshasa_MD_0005.jpg","contentUrl":"https:\/\/fhs.cd\/de\/wp-content\/uploads\/2023\/01\/2019-02-08_Kinshasa_MD_0005.jpg","width":1600,"height":1067},{"@type":"BreadcrumbList","@id":"https:\/\/fhs.cd\/de\/wer-wir-sind\/unser-auftrag\/#breadcrumb","itemListElement":[{"@type":"ListItem","position":1,"name":"Accueil","item":"https:\/\/fhs.cd\/de\/"},{"@type":"ListItem","position":2,"name":"Wer wir sind","item":"https:\/\/fhs.cd\/de\/wer-wir-sind\/"},{"@type":"ListItem","position":3,"name":"Unser Auftrag"}]},{"@type":"WebSite","@id":"https:\/\/fhs.cd\/de\/#website","url":"https:\/\/fhs.cd\/de\/","name":"Fondation Hanns Seidel","description":"","publisher":{"@id":"https:\/\/fhs.cd\/de\/#organization"},"potentialAction":[{"@type":"SearchAction","target":{"@type":"EntryPoint","urlTemplate":"https:\/\/fhs.cd\/de\/?s={search_term_string}"},"query-input":{"@type":"PropertyValueSpecification","valueRequired":true,"valueName":"search_term_string"}}],"inLanguage":"fr-FR"},{"@type":"Organization","@id":"https:\/\/fhs.cd\/de\/#organization","name":"Fondation Hanns Seidel","url":"https:\/\/fhs.cd\/de\/","logo":{"@type":"ImageObject","inLanguage":"fr-FR","@id":"https:\/\/fhs.cd\/de\/#\/schema\/logo\/image\/","url":"https:\/\/fhs.cd\/de\/wp-content\/uploads\/2023\/01\/cropped-FHS-Logo_fran_RGB_40.jpg","contentUrl":"https:\/\/fhs.cd\/de\/wp-content\/uploads\/2023\/01\/cropped-FHS-Logo_fran_RGB_40.jpg","width":570,"height":280,"caption":"Fondation Hanns Seidel"},"image":{"@id":"https:\/\/fhs.cd\/de\/#\/schema\/logo\/image\/"}}]}},"_links":{"self":[{"href":"https:\/\/fhs.cd\/de\/wp-json\/wp\/v2\/pages\/805","targetHints":{"allow":["GET"]}}],"collection":[{"href":"https:\/\/fhs.cd\/de\/wp-json\/wp\/v2\/pages"}],"about":[{"href":"https:\/\/fhs.cd\/de\/wp-json\/wp\/v2\/types\/page"}],"author":[{"embeddable":true,"href":"https:\/\/fhs.cd\/de\/wp-json\/wp\/v2\/users\/1"}],"replies":[{"embeddable":true,"href":"https:\/\/fhs.cd\/de\/wp-json\/wp\/v2\/comments?post=805"}],"version-history":[{"count":7,"href":"https:\/\/fhs.cd\/de\/wp-json\/wp\/v2\/pages\/805\/revisions"}],"predecessor-version":[{"id":3439,"href":"https:\/\/fhs.cd\/de\/wp-json\/wp\/v2\/pages\/805\/revisions\/3439"}],"up":[{"embeddable":true,"href":"https:\/\/fhs.cd\/de\/wp-json\/wp\/v2\/pages\/457"}],"wp:attachment":[{"href":"https:\/\/fhs.cd\/de\/wp-json\/wp\/v2\/media?parent=805"}],"curies":[{"name":"wp","href":"https:\/\/api.w.org\/{rel}","templated":true}]}}