{"id":443,"date":"2023-01-16T18:37:37","date_gmt":"2023-01-16T18:37:37","guid":{"rendered":"https:\/\/fhsrdc.wpcomstaging.com\/?page_id=443"},"modified":"2025-06-25T14:08:04","modified_gmt":"2025-06-25T14:08:04","slug":"historisches","status":"publish","type":"page","link":"https:\/\/fhs.cd\/de\/wer-wir-sind\/historisches\/","title":{"rendered":"Historisches"},"content":{"rendered":"\t\t<div data-elementor-type=\"wp-page\" data-elementor-id=\"443\" class=\"elementor elementor-443\">\n\t\t\t\t\t\t<section class=\"elementor-section elementor-top-section elementor-element elementor-element-3db53c3 elementor-section-boxed elementor-section-height-default elementor-section-height-default qodef-elementor-content-no\" data-id=\"3db53c3\" data-element_type=\"section\" data-e-type=\"section\">\n\t\t\t\t\t\t<div class=\"elementor-container elementor-column-gap-default\">\n\t\t\t\t\t<div class=\"elementor-column elementor-col-100 elementor-top-column elementor-element elementor-element-3befc5b\" data-id=\"3befc5b\" data-element_type=\"column\" data-e-type=\"column\">\n\t\t\t<div class=\"elementor-widget-wrap elementor-element-populated\">\n\t\t\t\t\t\t<div class=\"elementor-element elementor-element-7b71dc5 elementor-widget elementor-widget-qi_addons_for_elementor_timeline\" data-id=\"7b71dc5\" data-element_type=\"widget\" data-e-type=\"widget\" data-widget_type=\"qi_addons_for_elementor_timeline.default\">\n\t\t\t\t<div class=\"elementor-widget-container\">\n\t\t\t\t\t<div class=\"qodef-shortcode qodef-m qodef-qi-timeline qodef-timeline--vertical qodef-timeline-layout--vertical-side qodef-line--outside qodef-point--standard qodef-qi--has-appear\">\n\t<div class=\"qodef-e qodef-e-item elementor-repeater-item-128548f qodef-obverse\">\n\t<div class=\"qodef-e-line-holder\">\n\t\t<span class=\"qodef-e-line\"><\/span>\n\t<\/div>\n\t<div class=\"qodef-e-item-inner\">\n\t\t<div class=\"qodef-e-point-holder\">\n\t\t\t<div class=\"qodef-e-point\">\n\t\t\t\t\t\t\t<\/div>\n\t\t<\/div>\n\t\t<div class=\"qodef-e-item-content\">\n\t\t\t<div class=\"qodef-e-side-holder\">\n\t\t\t\t<div class=\"qodef-e-image\">\n\t<img fetchpriority=\"high\" decoding=\"async\" width=\"1200\" height=\"800\" src=\"https:\/\/fhs.cd\/de\/wp-content\/uploads\/2023\/01\/20171019_Headerbild.jpg\" class=\"attachment-full size-full\" alt=\"\" srcset=\"https:\/\/fhs.cd\/de\/wp-content\/uploads\/2023\/01\/20171019_Headerbild.jpg 1200w, https:\/\/fhs.cd\/de\/wp-content\/uploads\/2023\/01\/20171019_Headerbild-300x200.jpg 300w, https:\/\/fhs.cd\/de\/wp-content\/uploads\/2023\/01\/20171019_Headerbild-1024x683.jpg 1024w, https:\/\/fhs.cd\/de\/wp-content\/uploads\/2023\/01\/20171019_Headerbild-768x512.jpg 768w\" sizes=\"(max-width: 1200px) 100vw, 1200px\" \/><\/div>\n\t\t\t<\/div>\n\t\t\t<div class=\"qodef-e-content-holder\">\n\t\t\t\t\t<div class=\"qodef-e-date\">\n\t\t1979\t<\/div>\n\t\t\t\t\t\t<h4 class=\"qodef-e-title\">\n\t\tEr\u00f6ffnung des HSS-Auslandsb\u00fcros\t\t<\/h4>\n\t\t\t\t\t\t<p class=\"qodef-e-text\">\n\t\tKinshasa, Za\u00efre\t<\/p>\n\t\t\t\t<\/div>\n\t\t<\/div>\n\t<\/div>\n<\/div>\n<div class=\"qodef-e qodef-e-item elementor-repeater-item-f7eb8f3 qodef-reverse\">\n\t<div class=\"qodef-e-line-holder\">\n\t\t<span class=\"qodef-e-line\"><\/span>\n\t<\/div>\n\t<div class=\"qodef-e-item-inner\">\n\t\t<div class=\"qodef-e-point-holder\">\n\t\t\t<div class=\"qodef-e-point\">\n\t\t\t\t\t\t\t<\/div>\n\t\t<\/div>\n\t\t<div class=\"qodef-e-item-content\">\n\t\t\t<div class=\"qodef-e-side-holder\">\n\t\t\t\t<div class=\"qodef-e-image\">\n\t<img decoding=\"async\" width=\"1520\" height=\"2279\" src=\"https:\/\/fhs.cd\/de\/wp-content\/uploads\/2023\/01\/2019-02-14_NTSIO_Tag-4_MD_0319_monochrome.jpg\" class=\"attachment-full size-full\" alt=\"\" srcset=\"https:\/\/fhs.cd\/de\/wp-content\/uploads\/2023\/01\/2019-02-14_NTSIO_Tag-4_MD_0319_monochrome.jpg 1520w, https:\/\/fhs.cd\/de\/wp-content\/uploads\/2023\/01\/2019-02-14_NTSIO_Tag-4_MD_0319_monochrome-200x300.jpg 200w, https:\/\/fhs.cd\/de\/wp-content\/uploads\/2023\/01\/2019-02-14_NTSIO_Tag-4_MD_0319_monochrome-683x1024.jpg 683w, https:\/\/fhs.cd\/de\/wp-content\/uploads\/2023\/01\/2019-02-14_NTSIO_Tag-4_MD_0319_monochrome-768x1151.jpg 768w, https:\/\/fhs.cd\/de\/wp-content\/uploads\/2023\/01\/2019-02-14_NTSIO_Tag-4_MD_0319_monochrome-1024x1536.jpg 1024w, https:\/\/fhs.cd\/de\/wp-content\/uploads\/2023\/01\/2019-02-14_NTSIO_Tag-4_MD_0319_monochrome-1366x2048.jpg 1366w\" sizes=\"(max-width: 1520px) 100vw, 1520px\" \/><\/div>\n\t\t\t<\/div>\n\t\t\t<div class=\"qodef-e-content-holder\">\n\t\t\t\t\t<div class=\"qodef-e-date\">\n\t\t1981 - 1995\t<\/div>\n\t\t\t\t\t\t<h4 class=\"qodef-e-title\">\n\t\tPFIK - Implementierungsprojekt der Landwirte in Kinshasa\t\t<\/h4>\n\t\t\t\t\t\t<p class=\"qodef-e-text\">\n\t\tAusbildung und Bef\u00e4higung von Bauern durch Landwirtschaft, Viehzucht und Fischzucht.\t<\/p>\n\t\t\t\t<\/div>\n\t\t<\/div>\n\t<\/div>\n<\/div>\n<div class=\"qodef-e qodef-e-item elementor-repeater-item-ec1d821 qodef-obverse\">\n\t<div class=\"qodef-e-line-holder\">\n\t\t<span class=\"qodef-e-line\"><\/span>\n\t<\/div>\n\t<div class=\"qodef-e-item-inner\">\n\t\t<div class=\"qodef-e-point-holder\">\n\t\t\t<div class=\"qodef-e-point\">\n\t\t\t\t\t\t\t<\/div>\n\t\t<\/div>\n\t\t<div class=\"qodef-e-item-content\">\n\t\t\t<div class=\"qodef-e-side-holder\">\n\t\t\t\t<div class=\"qodef-e-image\">\n\t<\/div>\n\t\t\t<\/div>\n\t\t\t<div class=\"qodef-e-content-holder\">\n\t\t\t\t\t<div class=\"qodef-e-date\">\n\t\t1985\t<\/div>\n\t\t\t\t\t\t<h4 class=\"qodef-e-title\">\n\t\tGerhard Leicht\t\t<\/h4>\n\t\t\t\t\t\t<p class=\"qodef-e-text\">\n\t\tLeiter des Auslandsb\u00fcros\t<\/p>\n\t\t\t\t<\/div>\n\t\t<\/div>\n\t<\/div>\n<\/div>\n<div class=\"qodef-e qodef-e-item elementor-repeater-item-f8b4a50 qodef-reverse\">\n\t<div class=\"qodef-e-line-holder\">\n\t\t<span class=\"qodef-e-line\"><\/span>\n\t<\/div>\n\t<div class=\"qodef-e-item-inner\">\n\t\t<div class=\"qodef-e-point-holder\">\n\t\t\t<div class=\"qodef-e-point\">\n\t\t\t\t\t\t\t<\/div>\n\t\t<\/div>\n\t\t<div class=\"qodef-e-item-content\">\n\t\t\t<div class=\"qodef-e-side-holder\">\n\t\t\t\t<div class=\"qodef-e-image\">\n\t<img decoding=\"async\" width=\"1520\" height=\"1014\" src=\"https:\/\/fhs.cd\/de\/wp-content\/uploads\/2023\/01\/2019-02-13_NTSIO_Tag-3_MD_0186_monochrome.jpg\" class=\"attachment-full size-full\" alt=\"\" srcset=\"https:\/\/fhs.cd\/de\/wp-content\/uploads\/2023\/01\/2019-02-13_NTSIO_Tag-3_MD_0186_monochrome.jpg 1520w, https:\/\/fhs.cd\/de\/wp-content\/uploads\/2023\/01\/2019-02-13_NTSIO_Tag-3_MD_0186_monochrome-300x200.jpg 300w, https:\/\/fhs.cd\/de\/wp-content\/uploads\/2023\/01\/2019-02-13_NTSIO_Tag-3_MD_0186_monochrome-1024x683.jpg 1024w, https:\/\/fhs.cd\/de\/wp-content\/uploads\/2023\/01\/2019-02-13_NTSIO_Tag-3_MD_0186_monochrome-768x512.jpg 768w\" sizes=\"(max-width: 1520px) 100vw, 1520px\" \/><\/div>\n\t\t\t<\/div>\n\t\t\t<div class=\"qodef-e-content-holder\">\n\t\t\t\t\t<div class=\"qodef-e-date\">\n\t\t1992 - 1999\t<\/div>\n\t\t\t\t\t\t<h4 class=\"qodef-e-title\">\n\t\tIFOD - Institut f\u00fcr Ausbildung und Organisation f\u00fcr Entwicklung\t\t<\/h4>\n\t\t\t\t\t\t<p class=\"qodef-e-text\">\n\t\tAusbildung und Beratung von Kleinunternehmern.\t<\/p>\n\t\t\t\t<\/div>\n\t\t<\/div>\n\t<\/div>\n<\/div>\n<\/div>\n\t\t\t\t<\/div>\n\t\t\t\t<\/div>\n\t\t\t\t\t<\/div>\n\t\t<\/div>\n\t\t\t\t\t<\/div>\n\t\t<\/section>\n\t\t\t\t<section class=\"elementor-section elementor-top-section elementor-element elementor-element-8b75679 elementor-section-boxed elementor-section-height-default elementor-section-height-default qodef-elementor-content-no\" data-id=\"8b75679\" data-element_type=\"section\" data-e-type=\"section\">\n\t\t\t\t\t\t<div class=\"elementor-container elementor-column-gap-default\">\n\t\t\t\t\t<div class=\"elementor-column elementor-col-100 elementor-top-column elementor-element elementor-element-b56ce35\" data-id=\"b56ce35\" data-element_type=\"column\" data-e-type=\"column\">\n\t\t\t<div class=\"elementor-widget-wrap elementor-element-populated\">\n\t\t\t\t\t\t<div class=\"elementor-element elementor-element-8f697cf elementor-widget elementor-widget-qi_addons_for_elementor_timeline\" data-id=\"8f697cf\" data-element_type=\"widget\" data-e-type=\"widget\" data-widget_type=\"qi_addons_for_elementor_timeline.default\">\n\t\t\t\t<div class=\"elementor-widget-container\">\n\t\t\t\t\t<div class=\"qodef-shortcode qodef-m qodef-qi-timeline qodef-timeline--vertical qodef-timeline-layout--vertical-side qodef-line--outside qodef-point--standard qodef-qi--has-appear\">\n\t<div class=\"qodef-e qodef-e-item elementor-repeater-item-a40ca2b qodef-obverse\">\n\t<div class=\"qodef-e-line-holder\">\n\t\t<span class=\"qodef-e-line\"><\/span>\n\t<\/div>\n\t<div class=\"qodef-e-item-inner\">\n\t\t<div class=\"qodef-e-point-holder\">\n\t\t\t<div class=\"qodef-e-point\">\n\t\t\t\t\t\t\t<\/div>\n\t\t<\/div>\n\t\t<div class=\"qodef-e-item-content\">\n\t\t\t<div class=\"qodef-e-side-holder\">\n\t\t\t\t<div class=\"qodef-e-image\">\n\t<\/div>\n\t\t\t<\/div>\n\t\t\t<div class=\"qodef-e-content-holder\">\n\t\t\t\t\t<div class=\"qodef-e-date\">\n\t\t1992 - 2008\t<\/div>\n\t\t\t\t\t\t<h4 class=\"qodef-e-title\">\n\t\tNico den Hollander \t\t<\/h4>\n\t\t\t\t\t\t<p class=\"qodef-e-text\">\n\t\tLeiter des Auslandsb\u00fcros\t<\/p>\n\t\t\t\t<\/div>\n\t\t<\/div>\n\t<\/div>\n<\/div>\n<div class=\"qodef-e qodef-e-item elementor-repeater-item-8d52374 qodef-reverse\">\n\t<div class=\"qodef-e-line-holder\">\n\t\t<span class=\"qodef-e-line\"><\/span>\n\t<\/div>\n\t<div class=\"qodef-e-item-inner\">\n\t\t<div class=\"qodef-e-point-holder\">\n\t\t\t<div class=\"qodef-e-point\">\n\t\t\t\t\t\t\t<\/div>\n\t\t<\/div>\n\t\t<div class=\"qodef-e-item-content\">\n\t\t\t<div class=\"qodef-e-side-holder\">\n\t\t\t\t<div class=\"qodef-e-image\">\n\t<img loading=\"lazy\" decoding=\"async\" width=\"1600\" height=\"1067\" src=\"https:\/\/fhs.cd\/de\/wp-content\/uploads\/2023\/01\/2019-02-15_NTSIO_Tag-5_MD_0287.jpg\" class=\"attachment-full size-full\" alt=\"\" srcset=\"https:\/\/fhs.cd\/de\/wp-content\/uploads\/2023\/01\/2019-02-15_NTSIO_Tag-5_MD_0287.jpg 1600w, https:\/\/fhs.cd\/de\/wp-content\/uploads\/2023\/01\/2019-02-15_NTSIO_Tag-5_MD_0287-300x200.jpg 300w, https:\/\/fhs.cd\/de\/wp-content\/uploads\/2023\/01\/2019-02-15_NTSIO_Tag-5_MD_0287-1024x683.jpg 1024w, https:\/\/fhs.cd\/de\/wp-content\/uploads\/2023\/01\/2019-02-15_NTSIO_Tag-5_MD_0287-768x512.jpg 768w, https:\/\/fhs.cd\/de\/wp-content\/uploads\/2023\/01\/2019-02-15_NTSIO_Tag-5_MD_0287-1536x1024.jpg 1536w\" sizes=\"(max-width: 1600px) 100vw, 1600px\" \/><\/div>\n\t\t\t<\/div>\n\t\t\t<div class=\"qodef-e-content-holder\">\n\t\t\t\t\t<div class=\"qodef-e-date\">\n\t\t1996 - heute\t<\/div>\n\t\t\t\t\t\t<h4 class=\"qodef-e-title\">\n\t\tCADIM\t\t<\/h4>\n\t\t\t\t\t\t<p class=\"qodef-e-text\">\n\t\tProjekt in den Bereichen Landwirtschaft, Viehzucht und Bienenzucht mit dem Ziel, die Bauern zu bef\u00e4higen. Daraus wurde ein Ausbildungsprogramm f\u00fcr Landwirte.\t<\/p>\n\t\t\t\t<\/div>\n\t\t<\/div>\n\t<\/div>\n<\/div>\n<div class=\"qodef-e qodef-e-item elementor-repeater-item-d4819ff qodef-obverse\">\n\t<div class=\"qodef-e-line-holder\">\n\t\t<span class=\"qodef-e-line\"><\/span>\n\t<\/div>\n\t<div class=\"qodef-e-item-inner\">\n\t\t<div class=\"qodef-e-point-holder\">\n\t\t\t<div class=\"qodef-e-point\">\n\t\t\t\t\t\t\t<\/div>\n\t\t<\/div>\n\t\t<div class=\"qodef-e-item-content\">\n\t\t\t<div class=\"qodef-e-side-holder\">\n\t\t\t\t<div class=\"qodef-e-image\">\n\t<img loading=\"lazy\" decoding=\"async\" width=\"1520\" height=\"1014\" src=\"https:\/\/fhs.cd\/de\/wp-content\/uploads\/2023\/01\/2019-02-15_NTSIO_Tag-5_MD_0031_monochrome.jpg\" class=\"attachment-full size-full\" alt=\"\" srcset=\"https:\/\/fhs.cd\/de\/wp-content\/uploads\/2023\/01\/2019-02-15_NTSIO_Tag-5_MD_0031_monochrome.jpg 1520w, https:\/\/fhs.cd\/de\/wp-content\/uploads\/2023\/01\/2019-02-15_NTSIO_Tag-5_MD_0031_monochrome-300x200.jpg 300w, https:\/\/fhs.cd\/de\/wp-content\/uploads\/2023\/01\/2019-02-15_NTSIO_Tag-5_MD_0031_monochrome-1024x683.jpg 1024w, https:\/\/fhs.cd\/de\/wp-content\/uploads\/2023\/01\/2019-02-15_NTSIO_Tag-5_MD_0031_monochrome-768x512.jpg 768w\" sizes=\"(max-width: 1520px) 100vw, 1520px\" \/><\/div>\n\t\t\t<\/div>\n\t\t\t<div class=\"qodef-e-content-holder\">\n\t\t\t\t\t<div class=\"qodef-e-date\">\n\t\t1997 - 1998\t<\/div>\n\t\t\t\t\t\t<h4 class=\"qodef-e-title\">\n\t\tProjekt ALTERD (Verwaltung von Territorien...)\t\t<\/h4>\n\t\t\t\t\t\t<p class=\"qodef-e-text\">\n\t\tVerwaltungsschulung f\u00fcr Gemeindehelfer.\t<\/p>\n\t\t\t\t<\/div>\n\t\t<\/div>\n\t<\/div>\n<\/div>\n<div class=\"qodef-e qodef-e-item elementor-repeater-item-8dec8d8 qodef-reverse\">\n\t<div class=\"qodef-e-line-holder\">\n\t\t<span class=\"qodef-e-line\"><\/span>\n\t<\/div>\n\t<div class=\"qodef-e-item-inner\">\n\t\t<div class=\"qodef-e-point-holder\">\n\t\t\t<div class=\"qodef-e-point\">\n\t\t\t\t\t\t\t<\/div>\n\t\t<\/div>\n\t\t<div class=\"qodef-e-item-content\">\n\t\t\t<div class=\"qodef-e-side-holder\">\n\t\t\t\t<div class=\"qodef-e-image\">\n\t<img loading=\"lazy\" decoding=\"async\" width=\"1600\" height=\"1068\" src=\"https:\/\/fhs.cd\/de\/wp-content\/uploads\/2023\/01\/DSCF0438.jpg\" class=\"attachment-full size-full\" alt=\"\" srcset=\"https:\/\/fhs.cd\/de\/wp-content\/uploads\/2023\/01\/DSCF0438.jpg 1600w, https:\/\/fhs.cd\/de\/wp-content\/uploads\/2023\/01\/DSCF0438-300x200.jpg 300w, https:\/\/fhs.cd\/de\/wp-content\/uploads\/2023\/01\/DSCF0438-1024x684.jpg 1024w, https:\/\/fhs.cd\/de\/wp-content\/uploads\/2023\/01\/DSCF0438-768x513.jpg 768w, https:\/\/fhs.cd\/de\/wp-content\/uploads\/2023\/01\/DSCF0438-1536x1025.jpg 1536w\" sizes=\"(max-width: 1600px) 100vw, 1600px\" \/><\/div>\n\t\t\t<\/div>\n\t\t\t<div class=\"qodef-e-content-holder\">\n\t\t\t\t\t<div class=\"qodef-e-date\">\n\t\t1997 - 2009\t<\/div>\n\t\t\t\t\t\t<h4 class=\"qodef-e-title\">\n\t\tMampu - Entwicklung des Agroforstsystems &quot;Akazie&quot; mit der Dorfgemeinschaft\t\t<\/h4>\n\t\t\t\t\t\t<p class=\"qodef-e-text\">\n\t\tProjekt im Bereich Agroforstwirtschaft und Ern\u00e4hrungssicherheit zur Verbesserung des Ern\u00e4hrungsniveaus der Bev\u00f6lkerung von Kinshasa, Steigerung und Diversifizierung der Produktion in Mampu. Beginn der Agroforstwirtschaft mit Akazien zur Bek\u00e4mpfung der Armut.\t<\/p>\n\t\t\t\t<\/div>\n\t\t<\/div>\n\t<\/div>\n<\/div>\n<div class=\"qodef-e qodef-e-item elementor-repeater-item-18ce23d qodef-obverse\">\n\t<div class=\"qodef-e-line-holder\">\n\t\t<span class=\"qodef-e-line\"><\/span>\n\t<\/div>\n\t<div class=\"qodef-e-item-inner\">\n\t\t<div class=\"qodef-e-point-holder\">\n\t\t\t<div class=\"qodef-e-point\">\n\t\t\t\t\t\t\t<\/div>\n\t\t<\/div>\n\t\t<div class=\"qodef-e-item-content\">\n\t\t\t<div class=\"qodef-e-side-holder\">\n\t\t\t\t<div class=\"qodef-e-image\">\n\t<img loading=\"lazy\" decoding=\"async\" width=\"2560\" height=\"1920\" src=\"https:\/\/fhs.cd\/de\/wp-content\/uploads\/2023\/01\/20221122_1234156-scaled.jpg\" class=\"attachment-full size-full\" alt=\"\" srcset=\"https:\/\/fhs.cd\/de\/wp-content\/uploads\/2023\/01\/20221122_1234156-scaled.jpg 2560w, https:\/\/fhs.cd\/de\/wp-content\/uploads\/2023\/01\/20221122_1234156-300x225.jpg 300w, https:\/\/fhs.cd\/de\/wp-content\/uploads\/2023\/01\/20221122_1234156-1024x768.jpg 1024w, https:\/\/fhs.cd\/de\/wp-content\/uploads\/2023\/01\/20221122_1234156-768x576.jpg 768w, https:\/\/fhs.cd\/de\/wp-content\/uploads\/2023\/01\/20221122_1234156-1536x1152.jpg 1536w, https:\/\/fhs.cd\/de\/wp-content\/uploads\/2023\/01\/20221122_1234156-2048x1536.jpg 2048w\" sizes=\"(max-width: 2560px) 100vw, 2560px\" \/><\/div>\n\t\t\t<\/div>\n\t\t\t<div class=\"qodef-e-content-holder\">\n\t\t\t\t\t<div class=\"qodef-e-date\">\n\t\t1997 - heute\t<\/div>\n\t\t\t\t\t\t<h4 class=\"qodef-e-title\">\n\t\tIT-Ausbildung\t\t<\/h4>\n\t\t\t\t\t\t<p class=\"qodef-e-text\">\n\t\tBeitrag zur Verbesserung der Effizienz der \u00f6ffentlichen Verwaltung durch den Ausbau der Kenntnisse und F\u00e4higkeiten im Bereich Mikroinformatik bei Mitarbeitern und F\u00fchrungskr\u00e4ften der \u00f6ffentlichen Verwaltung und der \u00f6ffentlichen Unternehmen in Kinshasa.\t<\/p>\n\t\t\t\t<\/div>\n\t\t<\/div>\n\t<\/div>\n<\/div>\n<div class=\"qodef-e qodef-e-item elementor-repeater-item-d254386 qodef-reverse\">\n\t<div class=\"qodef-e-line-holder\">\n\t\t<span class=\"qodef-e-line\"><\/span>\n\t<\/div>\n\t<div class=\"qodef-e-item-inner\">\n\t\t<div class=\"qodef-e-point-holder\">\n\t\t\t<div class=\"qodef-e-point\">\n\t\t\t\t\t\t\t<\/div>\n\t\t<\/div>\n\t\t<div class=\"qodef-e-item-content\">\n\t\t\t<div class=\"qodef-e-side-holder\">\n\t\t\t\t<div class=\"qodef-e-image\">\n\t<\/div>\n\t\t\t<\/div>\n\t\t\t<div class=\"qodef-e-content-holder\">\n\t\t\t\t\t<div class=\"qodef-e-date\">\n\t\t1998 - 1999\t<\/div>\n\t\t\t\t\t\t<h4 class=\"qodef-e-title\">\n\t\tDynamic Management &amp; Consulting\/DMC Africa\t\t<\/h4>\n\t\t\t\t\t\t<p class=\"qodef-e-text\">\n\t\tOrganisation von Bildungsaktivit\u00e4ten.\t<\/p>\n\t\t\t\t<\/div>\n\t\t<\/div>\n\t<\/div>\n<\/div>\n<\/div>\n\t\t\t\t<\/div>\n\t\t\t\t<\/div>\n\t\t\t\t\t<\/div>\n\t\t<\/div>\n\t\t\t\t\t<\/div>\n\t\t<\/section>\n\t\t\t\t<section class=\"elementor-section elementor-top-section elementor-element elementor-element-4d66270 elementor-section-boxed elementor-section-height-default elementor-section-height-default qodef-elementor-content-no\" data-id=\"4d66270\" data-element_type=\"section\" data-e-type=\"section\">\n\t\t\t\t\t\t<div class=\"elementor-container elementor-column-gap-default\">\n\t\t\t\t\t<div class=\"elementor-column elementor-col-100 elementor-top-column elementor-element elementor-element-be91884\" data-id=\"be91884\" data-element_type=\"column\" data-e-type=\"column\">\n\t\t\t<div class=\"elementor-widget-wrap elementor-element-populated\">\n\t\t\t\t\t\t<div class=\"elementor-element elementor-element-94c076a elementor-widget elementor-widget-qi_addons_for_elementor_timeline\" data-id=\"94c076a\" data-element_type=\"widget\" data-e-type=\"widget\" data-widget_type=\"qi_addons_for_elementor_timeline.default\">\n\t\t\t\t<div class=\"elementor-widget-container\">\n\t\t\t\t\t<div class=\"qodef-shortcode qodef-m qodef-qi-timeline qodef-timeline--vertical qodef-timeline-layout--vertical-side qodef-line--outside qodef-point--standard qodef-qi--has-appear\">\n\t<div class=\"qodef-e qodef-e-item elementor-repeater-item-81a4be8 qodef-obverse\">\n\t<div class=\"qodef-e-line-holder\">\n\t\t<span class=\"qodef-e-line\"><\/span>\n\t<\/div>\n\t<div class=\"qodef-e-item-inner\">\n\t\t<div class=\"qodef-e-point-holder\">\n\t\t\t<div class=\"qodef-e-point\">\n\t\t\t\t\t\t\t<\/div>\n\t\t<\/div>\n\t\t<div class=\"qodef-e-item-content\">\n\t\t\t<div class=\"qodef-e-side-holder\">\n\t\t\t\t<div class=\"qodef-e-image\">\n\t<img loading=\"lazy\" decoding=\"async\" width=\"1368\" height=\"913\" src=\"https:\/\/fhs.cd\/de\/wp-content\/uploads\/2023\/01\/2019-02-13_NTSIO_Tag-3_MD_0137.jpg\" class=\"attachment-full size-full\" alt=\"\" srcset=\"https:\/\/fhs.cd\/de\/wp-content\/uploads\/2023\/01\/2019-02-13_NTSIO_Tag-3_MD_0137.jpg 1368w, https:\/\/fhs.cd\/de\/wp-content\/uploads\/2023\/01\/2019-02-13_NTSIO_Tag-3_MD_0137-300x200.jpg 300w, https:\/\/fhs.cd\/de\/wp-content\/uploads\/2023\/01\/2019-02-13_NTSIO_Tag-3_MD_0137-1024x683.jpg 1024w, https:\/\/fhs.cd\/de\/wp-content\/uploads\/2023\/01\/2019-02-13_NTSIO_Tag-3_MD_0137-768x513.jpg 768w\" sizes=\"(max-width: 1368px) 100vw, 1368px\" \/><\/div>\n\t\t\t<\/div>\n\t\t\t<div class=\"qodef-e-content-holder\">\n\t\t\t\t\t<div class=\"qodef-e-date\">\n\t\t1998 - 2004\t<\/div>\n\t\t\t\t\t\t<h4 class=\"qodef-e-title\">\n\t\tManagement-Training\t\t<\/h4>\n\t\t\t\t\t\t<p class=\"qodef-e-text\">\n\t\tSt\u00e4rkung kongolesischer Klein- und Kleinstunternehmer, damit sie sich allm\u00e4hlich in den formalen Wirtschaftskreislauf eingliedern.\t<\/p>\n\t\t\t\t<\/div>\n\t\t<\/div>\n\t<\/div>\n<\/div>\n<div class=\"qodef-e qodef-e-item elementor-repeater-item-84f2492 qodef-reverse\">\n\t<div class=\"qodef-e-line-holder\">\n\t\t<span class=\"qodef-e-line\"><\/span>\n\t<\/div>\n\t<div class=\"qodef-e-item-inner\">\n\t\t<div class=\"qodef-e-point-holder\">\n\t\t\t<div class=\"qodef-e-point\">\n\t\t\t\t\t\t\t<\/div>\n\t\t<\/div>\n\t\t<div class=\"qodef-e-item-content\">\n\t\t\t<div class=\"qodef-e-side-holder\">\n\t\t\t\t<div class=\"qodef-e-image\">\n\t<img loading=\"lazy\" decoding=\"async\" width=\"161\" height=\"69\" src=\"https:\/\/fhs.cd\/de\/wp-content\/uploads\/2023\/01\/isdd-logo.png\" class=\"attachment-full size-full\" alt=\"\" \/><\/div>\n\t\t\t<\/div>\n\t\t\t<div class=\"qodef-e-content-holder\">\n\t\t\t\t\t<div class=\"qodef-e-date\">\n\t\t2001\t<\/div>\n\t\t\t\t\t\t<h4 class=\"qodef-e-title\">\n\t\tGr\u00fcndung CADEA &amp; ISDD\t\t<\/h4>\n\t\t\t\t\t\t\t\t<\/div>\n\t\t<\/div>\n\t<\/div>\n<\/div>\n<div class=\"qodef-e qodef-e-item elementor-repeater-item-f29289e qodef-obverse\">\n\t<div class=\"qodef-e-line-holder\">\n\t\t<span class=\"qodef-e-line\"><\/span>\n\t<\/div>\n\t<div class=\"qodef-e-item-inner\">\n\t\t<div class=\"qodef-e-point-holder\">\n\t\t\t<div class=\"qodef-e-point\">\n\t\t\t\t\t\t\t<\/div>\n\t\t<\/div>\n\t\t<div class=\"qodef-e-item-content\">\n\t\t\t<div class=\"qodef-e-side-holder\">\n\t\t\t\t<div class=\"qodef-e-image\">\n\t<\/div>\n\t\t\t<\/div>\n\t\t\t<div class=\"qodef-e-content-holder\">\n\t\t\t\t\t<div class=\"qodef-e-date\">\n\t\t2008 - 2015\t<\/div>\n\t\t\t\t\t\t<h4 class=\"qodef-e-title\">\n\t\tG\u00f6tz Heinicke \t\t<\/h4>\n\t\t\t\t\t\t<p class=\"qodef-e-text\">\n\t\tLeiter des Auslandsb\u00fcros\t<\/p>\n\t\t\t\t<\/div>\n\t\t<\/div>\n\t<\/div>\n<\/div>\n<div class=\"qodef-e qodef-e-item elementor-repeater-item-e196a83 qodef-reverse\">\n\t<div class=\"qodef-e-line-holder\">\n\t\t<span class=\"qodef-e-line\"><\/span>\n\t<\/div>\n\t<div class=\"qodef-e-item-inner\">\n\t\t<div class=\"qodef-e-point-holder\">\n\t\t\t<div class=\"qodef-e-point\">\n\t\t\t\t\t\t\t<\/div>\n\t\t<\/div>\n\t\t<div class=\"qodef-e-item-content\">\n\t\t\t<div class=\"qodef-e-side-holder\">\n\t\t\t\t<div class=\"qodef-e-image\">\n\t<img loading=\"lazy\" decoding=\"async\" width=\"1600\" height=\"1067\" src=\"https:\/\/fhs.cd\/de\/wp-content\/uploads\/2023\/01\/2019-02-15_NTSIO_Tag-5_MD_0347.jpg\" class=\"attachment-full size-full\" alt=\"\" srcset=\"https:\/\/fhs.cd\/de\/wp-content\/uploads\/2023\/01\/2019-02-15_NTSIO_Tag-5_MD_0347.jpg 1600w, https:\/\/fhs.cd\/de\/wp-content\/uploads\/2023\/01\/2019-02-15_NTSIO_Tag-5_MD_0347-300x200.jpg 300w, https:\/\/fhs.cd\/de\/wp-content\/uploads\/2023\/01\/2019-02-15_NTSIO_Tag-5_MD_0347-1024x683.jpg 1024w, https:\/\/fhs.cd\/de\/wp-content\/uploads\/2023\/01\/2019-02-15_NTSIO_Tag-5_MD_0347-768x512.jpg 768w, https:\/\/fhs.cd\/de\/wp-content\/uploads\/2023\/01\/2019-02-15_NTSIO_Tag-5_MD_0347-1536x1024.jpg 1536w\" sizes=\"(max-width: 1600px) 100vw, 1600px\" \/><\/div>\n\t\t\t<\/div>\n\t\t\t<div class=\"qodef-e-content-holder\">\n\t\t\t\t\t<div class=\"qodef-e-date\">\n\t\t2009 - 2013\t<\/div>\n\t\t\t\t\t\t<h4 class=\"qodef-e-title\">\n\t\tMakala-Projekt\t\t<\/h4>\n\t\t\t\t\t\t<p class=\"qodef-e-text\">\n\t\tNachhaltige Versorgung der St\u00e4dte Kinshasa, Kisangani und Brazzaville mit Energieholz. Verbesserung der Bewirtschaftung von W\u00e4ldern. durch Einbeziehung der lokalen Gemeinschaften. Erh\u00f6hung ihres Lebensstandards.\t<\/p>\n\t\t\t\t<\/div>\n\t\t<\/div>\n\t<\/div>\n<\/div>\n<\/div>\n\t\t\t\t<\/div>\n\t\t\t\t<\/div>\n\t\t\t\t\t<\/div>\n\t\t<\/div>\n\t\t\t\t\t<\/div>\n\t\t<\/section>\n\t\t\t\t<section class=\"elementor-section elementor-top-section elementor-element elementor-element-237a9a3 elementor-section-boxed elementor-section-height-default elementor-section-height-default qodef-elementor-content-no\" data-id=\"237a9a3\" data-element_type=\"section\" data-e-type=\"section\">\n\t\t\t\t\t\t<div class=\"elementor-container elementor-column-gap-default\">\n\t\t\t\t\t<div class=\"elementor-column elementor-col-100 elementor-top-column elementor-element elementor-element-82e346c\" data-id=\"82e346c\" data-element_type=\"column\" data-e-type=\"column\">\n\t\t\t<div class=\"elementor-widget-wrap elementor-element-populated\">\n\t\t\t\t\t\t<div class=\"elementor-element elementor-element-f693081 elementor-widget elementor-widget-qi_addons_for_elementor_timeline\" data-id=\"f693081\" data-element_type=\"widget\" data-e-type=\"widget\" data-widget_type=\"qi_addons_for_elementor_timeline.default\">\n\t\t\t\t<div class=\"elementor-widget-container\">\n\t\t\t\t\t<div class=\"qodef-shortcode qodef-m qodef-qi-timeline qodef-timeline--vertical qodef-timeline-layout--vertical-side qodef-line--outside qodef-point--standard qodef-qi--has-appear\">\n\t<div class=\"qodef-e qodef-e-item elementor-repeater-item-19d7198 qodef-obverse\">\n\t<div class=\"qodef-e-line-holder\">\n\t\t<span class=\"qodef-e-line\"><\/span>\n\t<\/div>\n\t<div class=\"qodef-e-item-inner\">\n\t\t<div class=\"qodef-e-point-holder\">\n\t\t\t<div class=\"qodef-e-point\">\n\t\t\t\t\t\t\t<\/div>\n\t\t<\/div>\n\t\t<div class=\"qodef-e-item-content\">\n\t\t\t<div class=\"qodef-e-side-holder\">\n\t\t\t\t<div class=\"qodef-e-image\">\n\t<img loading=\"lazy\" decoding=\"async\" width=\"1600\" height=\"1067\" src=\"https:\/\/fhs.cd\/de\/wp-content\/uploads\/2023\/01\/2019-02-13_NTSIO_Tag-3_MD_0023.jpg\" class=\"attachment-full size-full\" alt=\"\" srcset=\"https:\/\/fhs.cd\/de\/wp-content\/uploads\/2023\/01\/2019-02-13_NTSIO_Tag-3_MD_0023.jpg 1600w, https:\/\/fhs.cd\/de\/wp-content\/uploads\/2023\/01\/2019-02-13_NTSIO_Tag-3_MD_0023-300x200.jpg 300w, https:\/\/fhs.cd\/de\/wp-content\/uploads\/2023\/01\/2019-02-13_NTSIO_Tag-3_MD_0023-1024x683.jpg 1024w, https:\/\/fhs.cd\/de\/wp-content\/uploads\/2023\/01\/2019-02-13_NTSIO_Tag-3_MD_0023-768x512.jpg 768w, https:\/\/fhs.cd\/de\/wp-content\/uploads\/2023\/01\/2019-02-13_NTSIO_Tag-3_MD_0023-1536x1024.jpg 1536w\" sizes=\"(max-width: 1600px) 100vw, 1600px\" \/><\/div>\n\t\t\t<\/div>\n\t\t\t<div class=\"qodef-e-content-holder\">\n\t\t\t\t\t<div class=\"qodef-e-date\">\n\t\t2009 - 2012\t<\/div>\n\t\t\t\t\t\t<h4 class=\"qodef-e-title\">\n\t\tGungu I - Unterst\u00fctzung von Bauernorganisationen\t\t<\/h4>\n\t\t\t\t\t\t<p class=\"qodef-e-text\">\n\t\tVerbesserung der Ern\u00e4hrungssicherheit &amp; Bek\u00e4mpfung der Armut der Bev\u00f6lkerung im Gungu-Gebiet. Einheimische Bauernfamilien, die sich f\u00fcr eine nachhaltige Landwirtschaft einsetzen. Kultivierung von Savannengebieten. Versorgung mit Holzkohle. Gef\u00f6rderter Dialog zwischen den Stammesf\u00fchrern.\t<\/p>\n\t\t\t\t<\/div>\n\t\t<\/div>\n\t<\/div>\n<\/div>\n<div class=\"qodef-e qodef-e-item elementor-repeater-item-9ecb56e qodef-reverse\">\n\t<div class=\"qodef-e-line-holder\">\n\t\t<span class=\"qodef-e-line\"><\/span>\n\t<\/div>\n\t<div class=\"qodef-e-item-inner\">\n\t\t<div class=\"qodef-e-point-holder\">\n\t\t\t<div class=\"qodef-e-point\">\n\t\t\t\t\t\t\t<\/div>\n\t\t<\/div>\n\t\t<div class=\"qodef-e-item-content\">\n\t\t\t<div class=\"qodef-e-side-holder\">\n\t\t\t\t<div class=\"qodef-e-image\">\n\t<img loading=\"lazy\" decoding=\"async\" width=\"1520\" height=\"1014\" src=\"https:\/\/fhs.cd\/de\/wp-content\/uploads\/2023\/01\/2019-02-23_Kinshasa_MD_0056-2.jpg\" class=\"attachment-full size-full\" alt=\"\" srcset=\"https:\/\/fhs.cd\/de\/wp-content\/uploads\/2023\/01\/2019-02-23_Kinshasa_MD_0056-2.jpg 1520w, https:\/\/fhs.cd\/de\/wp-content\/uploads\/2023\/01\/2019-02-23_Kinshasa_MD_0056-2-300x200.jpg 300w, https:\/\/fhs.cd\/de\/wp-content\/uploads\/2023\/01\/2019-02-23_Kinshasa_MD_0056-2-1024x683.jpg 1024w, https:\/\/fhs.cd\/de\/wp-content\/uploads\/2023\/01\/2019-02-23_Kinshasa_MD_0056-2-768x512.jpg 768w\" sizes=\"(max-width: 1520px) 100vw, 1520px\" \/><\/div>\n\t\t\t<\/div>\n\t\t\t<div class=\"qodef-e-content-holder\">\n\t\t\t\t\t<div class=\"qodef-e-date\">\n\t\t2011 - heute\t<\/div>\n\t\t\t\t\t\t<h4 class=\"qodef-e-title\">\n\t\tF\u00fchrungsqualit\u00e4ten von Frauen: Programm zum Aufbau von Kapazit\u00e4ten f\u00fcr Politikerinnen und Verbandsf\u00fchrerinnen\t\t<\/h4>\n\t\t\t\t\t\t<p class=\"qodef-e-text\">\n\t\tDie politische F\u00fchrungsrolle kongolesischer Frauen st\u00e4rken und f\u00f6rdern. Frauen sollen bef\u00e4higt werden, F\u00fchrungsrollen in Gesellschaft und Politik zu \u00fcbernehmen oder ihr eigenes Unternehmen zu gr\u00fcnden.\t<\/p>\n\t\t\t\t<\/div>\n\t\t<\/div>\n\t<\/div>\n<\/div>\n<div class=\"qodef-e qodef-e-item elementor-repeater-item-cae61c9 qodef-obverse\">\n\t<div class=\"qodef-e-line-holder\">\n\t\t<span class=\"qodef-e-line\"><\/span>\n\t<\/div>\n\t<div class=\"qodef-e-item-inner\">\n\t\t<div class=\"qodef-e-point-holder\">\n\t\t\t<div class=\"qodef-e-point\">\n\t\t\t\t\t\t\t<\/div>\n\t\t<\/div>\n\t\t<div class=\"qodef-e-item-content\">\n\t\t\t<div class=\"qodef-e-side-holder\">\n\t\t\t\t<div class=\"qodef-e-image\">\n\t<img loading=\"lazy\" decoding=\"async\" width=\"1600\" height=\"1067\" src=\"https:\/\/fhs.cd\/de\/wp-content\/uploads\/2023\/01\/2019-02-16_NTSIO_Tag-6_MD_0197.jpg\" class=\"attachment-full size-full\" alt=\"\" srcset=\"https:\/\/fhs.cd\/de\/wp-content\/uploads\/2023\/01\/2019-02-16_NTSIO_Tag-6_MD_0197.jpg 1600w, https:\/\/fhs.cd\/de\/wp-content\/uploads\/2023\/01\/2019-02-16_NTSIO_Tag-6_MD_0197-300x200.jpg 300w, https:\/\/fhs.cd\/de\/wp-content\/uploads\/2023\/01\/2019-02-16_NTSIO_Tag-6_MD_0197-1024x683.jpg 1024w, https:\/\/fhs.cd\/de\/wp-content\/uploads\/2023\/01\/2019-02-16_NTSIO_Tag-6_MD_0197-768x512.jpg 768w, https:\/\/fhs.cd\/de\/wp-content\/uploads\/2023\/01\/2019-02-16_NTSIO_Tag-6_MD_0197-1536x1024.jpg 1536w\" sizes=\"(max-width: 1600px) 100vw, 1600px\" \/><\/div>\n\t\t\t<\/div>\n\t\t\t<div class=\"qodef-e-content-holder\">\n\t\t\t\t\t<div class=\"qodef-e-date\">\n\t\t2013 - 2017\t<\/div>\n\t\t\t\t\t\t<h4 class=\"qodef-e-title\">\n\t\tGungu II\t\t<\/h4>\n\t\t\t\t\t\t<p class=\"qodef-e-text\">\n\t\tFortsetzung des Projekts Gungu I.\t<\/p>\n\t\t\t\t<\/div>\n\t\t<\/div>\n\t<\/div>\n<\/div>\n<div class=\"qodef-e qodef-e-item elementor-repeater-item-f413a23 qodef-reverse\">\n\t<div class=\"qodef-e-line-holder\">\n\t\t<span class=\"qodef-e-line\"><\/span>\n\t<\/div>\n\t<div class=\"qodef-e-item-inner\">\n\t\t<div class=\"qodef-e-point-holder\">\n\t\t\t<div class=\"qodef-e-point\">\n\t\t\t\t\t\t\t<\/div>\n\t\t<\/div>\n\t\t<div class=\"qodef-e-item-content\">\n\t\t\t<div class=\"qodef-e-side-holder\">\n\t\t\t\t<div class=\"qodef-e-image\">\n\t<img loading=\"lazy\" decoding=\"async\" width=\"1520\" height=\"1014\" src=\"https:\/\/fhs.cd\/de\/wp-content\/uploads\/2023\/01\/2019-02-17_NTSIO_Tag-7_MD_0222.jpg\" class=\"attachment-full size-full\" alt=\"\" srcset=\"https:\/\/fhs.cd\/de\/wp-content\/uploads\/2023\/01\/2019-02-17_NTSIO_Tag-7_MD_0222.jpg 1520w, https:\/\/fhs.cd\/de\/wp-content\/uploads\/2023\/01\/2019-02-17_NTSIO_Tag-7_MD_0222-300x200.jpg 300w, https:\/\/fhs.cd\/de\/wp-content\/uploads\/2023\/01\/2019-02-17_NTSIO_Tag-7_MD_0222-1024x683.jpg 1024w, https:\/\/fhs.cd\/de\/wp-content\/uploads\/2023\/01\/2019-02-17_NTSIO_Tag-7_MD_0222-768x512.jpg 768w\" sizes=\"(max-width: 1520px) 100vw, 1520px\" \/><\/div>\n\t\t\t<\/div>\n\t\t\t<div class=\"qodef-e-content-holder\">\n\t\t\t\t\t<div class=\"qodef-e-date\">\n\t\t2013 - 2018\t<\/div>\n\t\t\t\t\t\t<h4 class=\"qodef-e-title\">\n\t\tNtsio\t\t<\/h4>\n\t\t\t\t\t\t<p class=\"qodef-e-text\">\n\t\tDie Armut in der st\u00e4dtischen und l\u00e4ndlichen Bev\u00f6lkerung verringern. Das Angebot an Energieholz in der Hauptstadt Kinshasa erh\u00f6hen.\t<\/p>\n\t\t\t\t<\/div>\n\t\t<\/div>\n\t<\/div>\n<\/div>\n<div class=\"qodef-e qodef-e-item elementor-repeater-item-07abc50 qodef-obverse\">\n\t<div class=\"qodef-e-line-holder\">\n\t\t<span class=\"qodef-e-line\"><\/span>\n\t<\/div>\n\t<div class=\"qodef-e-item-inner\">\n\t\t<div class=\"qodef-e-point-holder\">\n\t\t\t<div class=\"qodef-e-point\">\n\t\t\t\t\t\t\t<\/div>\n\t\t<\/div>\n\t\t<div class=\"qodef-e-item-content\">\n\t\t\t<div class=\"qodef-e-side-holder\">\n\t\t\t\t<div class=\"qodef-e-image\">\n\t<img loading=\"lazy\" decoding=\"async\" width=\"1600\" height=\"1067\" src=\"https:\/\/fhs.cd\/de\/wp-content\/uploads\/2023\/01\/2019-02-08_Kinshasa_MD_0039.jpg\" class=\"attachment-full size-full\" alt=\"\" srcset=\"https:\/\/fhs.cd\/de\/wp-content\/uploads\/2023\/01\/2019-02-08_Kinshasa_MD_0039.jpg 1600w, https:\/\/fhs.cd\/de\/wp-content\/uploads\/2023\/01\/2019-02-08_Kinshasa_MD_0039-300x200.jpg 300w, https:\/\/fhs.cd\/de\/wp-content\/uploads\/2023\/01\/2019-02-08_Kinshasa_MD_0039-1024x683.jpg 1024w, https:\/\/fhs.cd\/de\/wp-content\/uploads\/2023\/01\/2019-02-08_Kinshasa_MD_0039-768x512.jpg 768w, https:\/\/fhs.cd\/de\/wp-content\/uploads\/2023\/01\/2019-02-08_Kinshasa_MD_0039-1536x1024.jpg 1536w\" sizes=\"(max-width: 1600px) 100vw, 1600px\" \/><\/div>\n\t\t\t<\/div>\n\t\t\t<div class=\"qodef-e-content-holder\">\n\t\t\t\t\t<div class=\"qodef-e-date\">\n\t\t2015 - 2021\t<\/div>\n\t\t\t\t\t\t<h4 class=\"qodef-e-title\">\n\t\tFrank Gollwitzer \t\t<\/h4>\n\t\t\t\t\t\t<p class=\"qodef-e-text\">\n\t\tLeiter des Auslandsb\u00fcros\t<\/p>\n\t\t\t\t<\/div>\n\t\t<\/div>\n\t<\/div>\n<\/div>\n<div class=\"qodef-e qodef-e-item elementor-repeater-item-b3bec10 qodef-reverse\">\n\t<div class=\"qodef-e-line-holder\">\n\t\t<span class=\"qodef-e-line\"><\/span>\n\t<\/div>\n\t<div class=\"qodef-e-item-inner\">\n\t\t<div class=\"qodef-e-point-holder\">\n\t\t\t<div class=\"qodef-e-point\">\n\t\t\t\t\t\t\t<\/div>\n\t\t<\/div>\n\t\t<div class=\"qodef-e-item-content\">\n\t\t\t<div class=\"qodef-e-side-holder\">\n\t\t\t\t<div class=\"qodef-e-image\">\n\t<img loading=\"lazy\" decoding=\"async\" width=\"1600\" height=\"1067\" src=\"https:\/\/fhs.cd\/de\/wp-content\/uploads\/2023\/01\/2019-02-19_NTSIO_Tag-9_MD_0132.jpg\" class=\"attachment-full size-full\" alt=\"\" srcset=\"https:\/\/fhs.cd\/de\/wp-content\/uploads\/2023\/01\/2019-02-19_NTSIO_Tag-9_MD_0132.jpg 1600w, https:\/\/fhs.cd\/de\/wp-content\/uploads\/2023\/01\/2019-02-19_NTSIO_Tag-9_MD_0132-300x200.jpg 300w, https:\/\/fhs.cd\/de\/wp-content\/uploads\/2023\/01\/2019-02-19_NTSIO_Tag-9_MD_0132-1024x683.jpg 1024w, https:\/\/fhs.cd\/de\/wp-content\/uploads\/2023\/01\/2019-02-19_NTSIO_Tag-9_MD_0132-768x512.jpg 768w, https:\/\/fhs.cd\/de\/wp-content\/uploads\/2023\/01\/2019-02-19_NTSIO_Tag-9_MD_0132-1536x1024.jpg 1536w\" sizes=\"(max-width: 1600px) 100vw, 1600px\" \/><\/div>\n\t\t\t<\/div>\n\t\t\t<div class=\"qodef-e-content-holder\">\n\t\t\t\t\t<div class=\"qodef-e-date\">\n\t\t2016 - 2019\t<\/div>\n\t\t\t\t\t\t<h4 class=\"qodef-e-title\">\n\t\tDer Gute Same I\t\t<\/h4>\n\t\t\t\t\t\t<p class=\"qodef-e-text\">\n\t\tBeitrag zur Ern\u00e4hrungssicherheit durch die Vermehrung und Verbreitung von verbessertem und diversifiziertem Saatgut. Erh\u00f6hung der Quantit\u00e4t und Qualit\u00e4t der Nahrungsmittelproduktion.\t<\/p>\n\t\t\t\t<\/div>\n\t\t<\/div>\n\t<\/div>\n<\/div>\n<\/div>\n\t\t\t\t<\/div>\n\t\t\t\t<\/div>\n\t\t\t\t\t<\/div>\n\t\t<\/div>\n\t\t\t\t\t<\/div>\n\t\t<\/section>\n\t\t\t\t<section class=\"elementor-section elementor-top-section elementor-element elementor-element-c3b9d67 elementor-section-boxed elementor-section-height-default elementor-section-height-default qodef-elementor-content-no\" data-id=\"c3b9d67\" data-element_type=\"section\" data-e-type=\"section\">\n\t\t\t\t\t\t<div class=\"elementor-container elementor-column-gap-default\">\n\t\t\t\t\t<div class=\"elementor-column elementor-col-100 elementor-top-column elementor-element elementor-element-3a2eeea\" data-id=\"3a2eeea\" data-element_type=\"column\" data-e-type=\"column\">\n\t\t\t<div class=\"elementor-widget-wrap elementor-element-populated\">\n\t\t\t\t\t\t<div class=\"elementor-element elementor-element-13880a3 elementor-widget elementor-widget-qi_addons_for_elementor_timeline\" data-id=\"13880a3\" data-element_type=\"widget\" data-e-type=\"widget\" data-widget_type=\"qi_addons_for_elementor_timeline.default\">\n\t\t\t\t<div class=\"elementor-widget-container\">\n\t\t\t\t\t<div class=\"qodef-shortcode qodef-m qodef-qi-timeline qodef-timeline--vertical qodef-timeline-layout--vertical-side qodef-line--outside qodef-point--standard qodef-qi--has-appear\">\n\t<div class=\"qodef-e qodef-e-item elementor-repeater-item-2aaf5b0 qodef-obverse\">\n\t<div class=\"qodef-e-line-holder\">\n\t\t<span class=\"qodef-e-line\"><\/span>\n\t<\/div>\n\t<div class=\"qodef-e-item-inner\">\n\t\t<div class=\"qodef-e-point-holder\">\n\t\t\t<div class=\"qodef-e-point\">\n\t\t\t\t\t\t\t<\/div>\n\t\t<\/div>\n\t\t<div class=\"qodef-e-item-content\">\n\t\t\t<div class=\"qodef-e-side-holder\">\n\t\t\t\t<div class=\"qodef-e-image\">\n\t<img loading=\"lazy\" decoding=\"async\" width=\"1600\" height=\"1067\" src=\"https:\/\/fhs.cd\/de\/wp-content\/uploads\/2023\/01\/2019-02-15_NTSIO_Tag-5_MD_0382.jpg\" class=\"attachment-full size-full\" alt=\"\" srcset=\"https:\/\/fhs.cd\/de\/wp-content\/uploads\/2023\/01\/2019-02-15_NTSIO_Tag-5_MD_0382.jpg 1600w, https:\/\/fhs.cd\/de\/wp-content\/uploads\/2023\/01\/2019-02-15_NTSIO_Tag-5_MD_0382-300x200.jpg 300w, https:\/\/fhs.cd\/de\/wp-content\/uploads\/2023\/01\/2019-02-15_NTSIO_Tag-5_MD_0382-1024x683.jpg 1024w, https:\/\/fhs.cd\/de\/wp-content\/uploads\/2023\/01\/2019-02-15_NTSIO_Tag-5_MD_0382-768x512.jpg 768w, https:\/\/fhs.cd\/de\/wp-content\/uploads\/2023\/01\/2019-02-15_NTSIO_Tag-5_MD_0382-1536x1024.jpg 1536w\" sizes=\"(max-width: 1600px) 100vw, 1600px\" \/><\/div>\n\t\t\t<\/div>\n\t\t\t<div class=\"qodef-e-content-holder\">\n\t\t\t\t\t<div class=\"qodef-e-date\">\n\t\t2019 - 2022\t<\/div>\n\t\t\t\t\t\t<h4 class=\"qodef-e-title\">\n\t\tDer Gute Same II\t\t<\/h4>\n\t\t\t\t\t\t<p class=\"qodef-e-text\">\n\t\tSensibilisierung und Bekanntmachung des Landgesetzes und des Gesetzes, das die Satzung der Gewohnheitsf\u00fchrer festlegt. Den Gewohnheitsh\u00e4uptlingen ihre Rolle und ihre Aufgaben gem\u00e4\u00df dem Gesetz, das ihre Statuten festlegt, verst\u00e4ndlich machen.\t<\/p>\n\t\t\t\t<\/div>\n\t\t<\/div>\n\t<\/div>\n<\/div>\n<div class=\"qodef-e qodef-e-item elementor-repeater-item-6844f4a qodef-reverse\">\n\t<div class=\"qodef-e-line-holder\">\n\t\t<span class=\"qodef-e-line\"><\/span>\n\t<\/div>\n\t<div class=\"qodef-e-item-inner\">\n\t\t<div class=\"qodef-e-point-holder\">\n\t\t\t<div class=\"qodef-e-point\">\n\t\t\t\t\t\t\t<\/div>\n\t\t<\/div>\n\t\t<div class=\"qodef-e-item-content\">\n\t\t\t<div class=\"qodef-e-side-holder\">\n\t\t\t\t<div class=\"qodef-e-image\">\n\t<img loading=\"lazy\" decoding=\"async\" width=\"1216\" height=\"1824\" src=\"https:\/\/fhs.cd\/de\/wp-content\/uploads\/2023\/01\/2019-02-17_NTSIO_Tag-7_MD_0015.jpg\" class=\"attachment-full size-full\" alt=\"\" srcset=\"https:\/\/fhs.cd\/de\/wp-content\/uploads\/2023\/01\/2019-02-17_NTSIO_Tag-7_MD_0015.jpg 1216w, https:\/\/fhs.cd\/de\/wp-content\/uploads\/2023\/01\/2019-02-17_NTSIO_Tag-7_MD_0015-200x300.jpg 200w, https:\/\/fhs.cd\/de\/wp-content\/uploads\/2023\/01\/2019-02-17_NTSIO_Tag-7_MD_0015-683x1024.jpg 683w, https:\/\/fhs.cd\/de\/wp-content\/uploads\/2023\/01\/2019-02-17_NTSIO_Tag-7_MD_0015-768x1152.jpg 768w, https:\/\/fhs.cd\/de\/wp-content\/uploads\/2023\/01\/2019-02-17_NTSIO_Tag-7_MD_0015-1024x1536.jpg 1024w\" sizes=\"(max-width: 1216px) 100vw, 1216px\" \/><\/div>\n\t\t\t<\/div>\n\t\t\t<div class=\"qodef-e-content-holder\">\n\t\t\t\t\t<div class=\"qodef-e-date\">\n\t\t2019 - 2022\t<\/div>\n\t\t\t\t\t\t<h4 class=\"qodef-e-title\">\n\t\tMUTI IDWINI - B\u00e4ume zum Schutz unseres Landes\t\t<\/h4>\n\t\t\t\t\t\t<p class=\"qodef-e-text\">\n\t\tFortf\u00fchrung des Ntsio-Projekts. F\u00f6rderung der Eigenst\u00e4ndigkeit und Nachhaltigkeit von Agroforstanlagen. St\u00e4rkung der Widerstandsf\u00e4higkeit der \u00e4rmsten Bev\u00f6lkerungsgruppen gegen\u00fcber dem Klimawandel.\t<\/p>\n\t\t\t\t<\/div>\n\t\t<\/div>\n\t<\/div>\n<\/div>\n<div class=\"qodef-e qodef-e-item elementor-repeater-item-4cb4fe1 qodef-obverse\">\n\t<div class=\"qodef-e-line-holder\">\n\t\t<span class=\"qodef-e-line\"><\/span>\n\t<\/div>\n\t<div class=\"qodef-e-item-inner\">\n\t\t<div class=\"qodef-e-point-holder\">\n\t\t\t<div class=\"qodef-e-point\">\n\t\t\t\t\t\t\t<\/div>\n\t\t<\/div>\n\t\t<div class=\"qodef-e-item-content\">\n\t\t\t<div class=\"qodef-e-side-holder\">\n\t\t\t\t<div class=\"qodef-e-image\">\n\t<img loading=\"lazy\" decoding=\"async\" width=\"960\" height=\"1280\" src=\"https:\/\/fhs.cd\/de\/wp-content\/uploads\/2023\/01\/thumbnail_IMG_0551.jpg\" class=\"attachment-full size-full\" alt=\"\" srcset=\"https:\/\/fhs.cd\/de\/wp-content\/uploads\/2023\/01\/thumbnail_IMG_0551.jpg 960w, https:\/\/fhs.cd\/de\/wp-content\/uploads\/2023\/01\/thumbnail_IMG_0551-225x300.jpg 225w, https:\/\/fhs.cd\/de\/wp-content\/uploads\/2023\/01\/thumbnail_IMG_0551-768x1024.jpg 768w\" sizes=\"(max-width: 960px) 100vw, 960px\" \/><\/div>\n\t\t\t<\/div>\n\t\t\t<div class=\"qodef-e-content-holder\">\n\t\t\t\t\t<div class=\"qodef-e-date\">\n\t\t2021\t<\/div>\n\t\t\t\t\t\t<h4 class=\"qodef-e-title\">\n\t\tProjekt Klima\t\t<\/h4>\n\t\t\t\t\t\t<p class=\"qodef-e-text\">\n\t\tErm\u00e4chtigung der Bauern und B\u00e4uerinnen. Ern\u00e4hrungssicherheit und Diversifizierung der Ern\u00e4hrung.\t<\/p>\n\t\t\t\t<\/div>\n\t\t<\/div>\n\t<\/div>\n<\/div>\n<div class=\"qodef-e qodef-e-item elementor-repeater-item-a718c10 qodef-reverse\">\n\t<div class=\"qodef-e-line-holder\">\n\t\t<span class=\"qodef-e-line\"><\/span>\n\t<\/div>\n\t<div class=\"qodef-e-item-inner\">\n\t\t<div class=\"qodef-e-point-holder\">\n\t\t\t<div class=\"qodef-e-point\">\n\t\t\t\t\t\t\t<\/div>\n\t\t<\/div>\n\t\t<div class=\"qodef-e-item-content\">\n\t\t\t<div class=\"qodef-e-side-holder\">\n\t\t\t\t<div class=\"qodef-e-image\">\n\t<img loading=\"lazy\" decoding=\"async\" width=\"720\" height=\"1080\" src=\"https:\/\/fhs.cd\/de\/wp-content\/uploads\/2023\/01\/JNA-7.jpg\" class=\"attachment-full size-full\" alt=\"\" srcset=\"https:\/\/fhs.cd\/de\/wp-content\/uploads\/2023\/01\/JNA-7.jpg 720w, https:\/\/fhs.cd\/de\/wp-content\/uploads\/2023\/01\/JNA-7-200x300.jpg 200w, https:\/\/fhs.cd\/de\/wp-content\/uploads\/2023\/01\/JNA-7-683x1024.jpg 683w\" sizes=\"(max-width: 720px) 100vw, 720px\" \/><\/div>\n\t\t\t<\/div>\n\t\t\t<div class=\"qodef-e-content-holder\">\n\t\t\t\t\t<div class=\"qodef-e-date\">\n\t\t2022 - 2025\t<\/div>\n\t\t\t\t\t\t<h4 class=\"qodef-e-title\">\n\t\tMalte Liewerscheidt\t\t<\/h4>\n\t\t\t\t\t\t<p class=\"qodef-e-text\">\n\t\tLeiter des Auslandsb\u00fcros\t<\/p>\n\t\t\t\t<\/div>\n\t\t<\/div>\n\t<\/div>\n<\/div>\n<div class=\"qodef-e qodef-e-item elementor-repeater-item-0f59a71 qodef-obverse\">\n\t<div class=\"qodef-e-line-holder\">\n\t\t<span class=\"qodef-e-line\"><\/span>\n\t<\/div>\n\t<div class=\"qodef-e-item-inner\">\n\t\t<div class=\"qodef-e-point-holder\">\n\t\t\t<div class=\"qodef-e-point\">\n\t\t\t\t\t\t\t<\/div>\n\t\t<\/div>\n\t\t<div class=\"qodef-e-item-content\">\n\t\t\t<div class=\"qodef-e-side-holder\">\n\t\t\t\t<div class=\"qodef-e-image\">\n\t<img loading=\"lazy\" decoding=\"async\" width=\"1080\" height=\"945\" src=\"https:\/\/fhs.cd\/de\/wp-content\/uploads\/2023\/01\/MicrosoftTeams-image-2.jpg\" class=\"attachment-full size-full\" alt=\"\" srcset=\"https:\/\/fhs.cd\/de\/wp-content\/uploads\/2023\/01\/MicrosoftTeams-image-2.jpg 1080w, https:\/\/fhs.cd\/de\/wp-content\/uploads\/2023\/01\/MicrosoftTeams-image-2-300x263.jpg 300w, https:\/\/fhs.cd\/de\/wp-content\/uploads\/2023\/01\/MicrosoftTeams-image-2-1024x896.jpg 1024w, https:\/\/fhs.cd\/de\/wp-content\/uploads\/2023\/01\/MicrosoftTeams-image-2-768x672.jpg 768w\" sizes=\"(max-width: 1080px) 100vw, 1080px\" \/><\/div>\n\t\t\t<\/div>\n\t\t\t<div class=\"qodef-e-content-holder\">\n\t\t\t\t\t<div class=\"qodef-e-date\">\n\t\t2022\t<\/div>\n\t\t\t\t\t\t<h4 class=\"qodef-e-title\">\n\t\tSonderinitiative des BMZ\t\t<\/h4>\n\t\t\t\t\t\t<p class=\"qodef-e-text\">\n\t\tZielt darauf ab, neues Land zu erschlie\u00dfen, das auf umweltfreundliche Weise bewirtschaftet werden kann. Steigert die landwirtschaftliche Produktion, um der Ern\u00e4hrungsunsicherheit entgegenzuwirken. Vermittelt agrarwissenschaftliches Wissen und stellt Produktionsmittel zur Verf\u00fcgung, um bestehende Fl\u00e4chen nachhaltig zu bewirtschaften.\t<\/p>\n\t\t\t\t<\/div>\n\t\t<\/div>\n\t<\/div>\n<\/div>\n<div class=\"qodef-e qodef-e-item elementor-repeater-item-eb7fb90 qodef-reverse\">\n\t<div class=\"qodef-e-line-holder\">\n\t\t<span class=\"qodef-e-line\"><\/span>\n\t<\/div>\n\t<div class=\"qodef-e-item-inner\">\n\t\t<div class=\"qodef-e-point-holder\">\n\t\t\t<div class=\"qodef-e-point\">\n\t\t\t\t\t\t\t<\/div>\n\t\t<\/div>\n\t\t<div class=\"qodef-e-item-content\">\n\t\t\t<div class=\"qodef-e-side-holder\">\n\t\t\t\t<div class=\"qodef-e-image\">\n\t<img loading=\"lazy\" decoding=\"async\" width=\"1520\" height=\"1014\" src=\"https:\/\/fhs.cd\/de\/wp-content\/uploads\/2025\/06\/2019-02-17_NTSIO_Tag-7_MD_0222.jpg\" class=\"attachment-full size-full\" alt=\"\" srcset=\"https:\/\/fhs.cd\/de\/wp-content\/uploads\/2025\/06\/2019-02-17_NTSIO_Tag-7_MD_0222.jpg 1520w, https:\/\/fhs.cd\/de\/wp-content\/uploads\/2025\/06\/2019-02-17_NTSIO_Tag-7_MD_0222-300x200.jpg 300w, https:\/\/fhs.cd\/de\/wp-content\/uploads\/2025\/06\/2019-02-17_NTSIO_Tag-7_MD_0222-1024x683.jpg 1024w, https:\/\/fhs.cd\/de\/wp-content\/uploads\/2025\/06\/2019-02-17_NTSIO_Tag-7_MD_0222-768x512.jpg 768w\" sizes=\"(max-width: 1520px) 100vw, 1520px\" \/><\/div>\n\t\t\t<\/div>\n\t\t\t<div class=\"qodef-e-content-holder\">\n\t\t\t\t\t<div class=\"qodef-e-date\">\n\t\t2024 - heute\t<\/div>\n\t\t\t\t\t\t<h4 class=\"qodef-e-title\">\n\t\tAgroforstprojekt NZET&#039;AGRO\t\t<\/h4>\n\t\t\t\t\t\t<p class=\"qodef-e-text\">\n\t\tFortf\u00fchrung des Agroforstwirtschaftsprojekt\t<\/p>\n\t\t\t\t<\/div>\n\t\t<\/div>\n\t<\/div>\n<\/div>\n<div class=\"qodef-e qodef-e-item elementor-repeater-item-2017324 qodef-obverse\">\n\t<div class=\"qodef-e-line-holder\">\n\t\t<span class=\"qodef-e-line\"><\/span>\n\t<\/div>\n\t<div class=\"qodef-e-item-inner\">\n\t\t<div class=\"qodef-e-point-holder\">\n\t\t\t<div class=\"qodef-e-point\">\n\t\t\t\t\t\t\t<\/div>\n\t\t<\/div>\n\t\t<div class=\"qodef-e-item-content\">\n\t\t\t<div class=\"qodef-e-side-holder\">\n\t\t\t\t<div class=\"qodef-e-image\">\n\t<img loading=\"lazy\" decoding=\"async\" width=\"2000\" height=\"1126\" src=\"https:\/\/fhs.cd\/de\/wp-content\/uploads\/2025\/06\/20240808_112309.jpg\" class=\"attachment-full size-full\" alt=\"\" srcset=\"https:\/\/fhs.cd\/de\/wp-content\/uploads\/2025\/06\/20240808_112309.jpg 2000w, https:\/\/fhs.cd\/de\/wp-content\/uploads\/2025\/06\/20240808_112309-300x169.jpg 300w, https:\/\/fhs.cd\/de\/wp-content\/uploads\/2025\/06\/20240808_112309-1024x577.jpg 1024w, https:\/\/fhs.cd\/de\/wp-content\/uploads\/2025\/06\/20240808_112309-768x432.jpg 768w, https:\/\/fhs.cd\/de\/wp-content\/uploads\/2025\/06\/20240808_112309-1536x865.jpg 1536w\" sizes=\"(max-width: 2000px) 100vw, 2000px\" \/><\/div>\n\t\t\t<\/div>\n\t\t\t<div class=\"qodef-e-content-holder\">\n\t\t\t\t\t<div class=\"qodef-e-date\">\n\t\t2024 - heute\t<\/div>\n\t\t\t\t\t\t<h4 class=\"qodef-e-title\">\n\t\tMentoringprogramm\t\t<\/h4>\n\t\t\t\t\t\t<p class=\"qodef-e-text\">\n\t\tDas Mentoring-Programm zielt darauf ab, den generations\u00fcbergreifenden Austausch zwischen Frauen zu intensivieren. Ziel ist es, dass junge Mentorinnen von der Erfahrung der Mentorinnen profitieren.\t<\/p>\n\t\t\t\t<\/div>\n\t\t<\/div>\n\t<\/div>\n<\/div>\n<div class=\"qodef-e qodef-e-item elementor-repeater-item-7c284cb qodef-reverse\">\n\t<div class=\"qodef-e-line-holder\">\n\t\t<span class=\"qodef-e-line\"><\/span>\n\t<\/div>\n\t<div class=\"qodef-e-item-inner\">\n\t\t<div class=\"qodef-e-point-holder\">\n\t\t\t<div class=\"qodef-e-point\">\n\t\t\t\t\t\t\t<\/div>\n\t\t<\/div>\n\t\t<div class=\"qodef-e-item-content\">\n\t\t\t<div class=\"qodef-e-side-holder\">\n\t\t\t\t<div class=\"qodef-e-image\">\n\t<img loading=\"lazy\" decoding=\"async\" width=\"1707\" height=\"2560\" src=\"https:\/\/fhs.cd\/de\/wp-content\/uploads\/2025\/06\/KAM_4338-scaled.jpg\" class=\"attachment-full size-full\" alt=\"\" srcset=\"https:\/\/fhs.cd\/de\/wp-content\/uploads\/2025\/06\/KAM_4338-scaled.jpg 1707w, https:\/\/fhs.cd\/de\/wp-content\/uploads\/2025\/06\/KAM_4338-200x300.jpg 200w, https:\/\/fhs.cd\/de\/wp-content\/uploads\/2025\/06\/KAM_4338-683x1024.jpg 683w, https:\/\/fhs.cd\/de\/wp-content\/uploads\/2025\/06\/KAM_4338-768x1152.jpg 768w, https:\/\/fhs.cd\/de\/wp-content\/uploads\/2025\/06\/KAM_4338-1024x1536.jpg 1024w, https:\/\/fhs.cd\/de\/wp-content\/uploads\/2025\/06\/KAM_4338-1365x2048.jpg 1365w\" sizes=\"(max-width: 1707px) 100vw, 1707px\" \/><\/div>\n\t\t\t<\/div>\n\t\t\t<div class=\"qodef-e-content-holder\">\n\t\t\t\t\t<div class=\"qodef-e-date\">\n\t\t2025 - heute\t<\/div>\n\t\t\t\t\t\t<h4 class=\"qodef-e-title\">\n\t\tRafael Merz\t\t<\/h4>\n\t\t\t\t\t\t<p class=\"qodef-e-text\">\n\t\tLeiter des Auslandsb\u00fcros\t<\/p>\n\t\t\t\t<\/div>\n\t\t<\/div>\n\t<\/div>\n<\/div>\n<\/div>\n\t\t\t\t<\/div>\n\t\t\t\t<\/div>\n\t\t\t\t\t<\/div>\n\t\t<\/div>\n\t\t\t\t\t<\/div>\n\t\t<\/section>\n\t\t\t\t<\/div>\n\t\t","protected":false},"excerpt":{"rendered":"<p>1979 Er\u00f6ffnung des HSS-Auslandsb\u00fcros Kinshasa, Za\u00efre 1981 &#8211; 1995 PFIK &#8211; Implementierungsprojekt der Landwirte in [&hellip;]<\/p>\n","protected":false},"author":1,"featured_media":0,"parent":457,"menu_order":0,"comment_status":"closed","ping_status":"closed","template":"wp-custom-template-historiques","meta":{"_crdt_document":"","footnotes":""},"class_list":["post-443","page","type-page","status-publish","hentry"],"yoast_head":"<!-- This site is optimized with the Yoast SEO plugin v27.4 - https:\/\/yoast.com\/product\/yoast-seo-wordpress\/ -->\r\n<title>Historisches | Fondation Hanns Seidel<\/title>\r\n<meta name=\"robots\" content=\"index, follow, max-snippet:-1, max-image-preview:large, max-video-preview:-1\" \/>\r\n<link rel=\"canonical\" href=\"https:\/\/fhs.cd\/de\/wer-wir-sind\/historisches\/\" \/>\r\n<meta property=\"og:locale\" content=\"fr_FR\" \/>\r\n<meta property=\"og:type\" content=\"article\" \/>\r\n<meta property=\"og:title\" content=\"Historisches | Fondation Hanns Seidel\" \/>\r\n<meta property=\"og:description\" content=\"1979 Er\u00f6ffnung des HSS-Auslandsb\u00fcros Kinshasa, Za\u00efre 1981 &#8211; 1995 PFIK &#8211; Implementierungsprojekt der Landwirte in [&hellip;]\" \/>\r\n<meta property=\"og:url\" content=\"https:\/\/fhs.cd\/de\/wer-wir-sind\/historisches\/\" \/>\r\n<meta property=\"og:site_name\" content=\"Fondation Hanns Seidel\" \/>\r\n<meta property=\"article:modified_time\" content=\"2025-06-25T14:08:04+00:00\" \/>\r\n<meta property=\"og:image\" content=\"https:\/\/fhs.cd\/de\/wp-content\/uploads\/2023\/01\/20171019_Headerbild.jpg\" \/>\r\n<meta name=\"twitter:card\" content=\"summary_large_image\" \/>\r\n<meta name=\"twitter:label1\" content=\"Dur\u00e9e de lecture estim\u00e9e\" \/>\n\t<meta name=\"twitter:data1\" content=\"8 minutes\" \/>\r\n<script type=\"application\/ld+json\" class=\"yoast-schema-graph\">{\"@context\":\"https:\\\/\\\/schema.org\",\"@graph\":[{\"@type\":\"WebPage\",\"@id\":\"https:\\\/\\\/fhs.cd\\\/de\\\/wer-wir-sind\\\/historisches\\\/\",\"url\":\"https:\\\/\\\/fhs.cd\\\/de\\\/wer-wir-sind\\\/historisches\\\/\",\"name\":\"Historisches | Fondation Hanns Seidel\",\"isPartOf\":{\"@id\":\"https:\\\/\\\/fhs.cd\\\/de\\\/#website\"},\"primaryImageOfPage\":{\"@id\":\"https:\\\/\\\/fhs.cd\\\/de\\\/wer-wir-sind\\\/historisches\\\/#primaryimage\"},\"image\":{\"@id\":\"https:\\\/\\\/fhs.cd\\\/de\\\/wer-wir-sind\\\/historisches\\\/#primaryimage\"},\"thumbnailUrl\":\"https:\\\/\\\/fhs.cd\\\/de\\\/wp-content\\\/uploads\\\/2023\\\/01\\\/20171019_Headerbild.jpg\",\"datePublished\":\"2023-01-16T18:37:37+00:00\",\"dateModified\":\"2025-06-25T14:08:04+00:00\",\"breadcrumb\":{\"@id\":\"https:\\\/\\\/fhs.cd\\\/de\\\/wer-wir-sind\\\/historisches\\\/#breadcrumb\"},\"inLanguage\":\"fr-FR\",\"potentialAction\":[{\"@type\":\"ReadAction\",\"target\":[\"https:\\\/\\\/fhs.cd\\\/de\\\/wer-wir-sind\\\/historisches\\\/\"]}]},{\"@type\":\"ImageObject\",\"inLanguage\":\"fr-FR\",\"@id\":\"https:\\\/\\\/fhs.cd\\\/de\\\/wer-wir-sind\\\/historisches\\\/#primaryimage\",\"url\":\"https:\\\/\\\/fhs.cd\\\/de\\\/wp-content\\\/uploads\\\/2023\\\/01\\\/20171019_Headerbild.jpg\",\"contentUrl\":\"https:\\\/\\\/fhs.cd\\\/de\\\/wp-content\\\/uploads\\\/2023\\\/01\\\/20171019_Headerbild.jpg\",\"width\":1200,\"height\":800},{\"@type\":\"BreadcrumbList\",\"@id\":\"https:\\\/\\\/fhs.cd\\\/de\\\/wer-wir-sind\\\/historisches\\\/#breadcrumb\",\"itemListElement\":[{\"@type\":\"ListItem\",\"position\":1,\"name\":\"Accueil\",\"item\":\"https:\\\/\\\/fhs.cd\\\/de\\\/\"},{\"@type\":\"ListItem\",\"position\":2,\"name\":\"Wer wir sind\",\"item\":\"https:\\\/\\\/fhs.cd\\\/de\\\/wer-wir-sind\\\/\"},{\"@type\":\"ListItem\",\"position\":3,\"name\":\"Historisches\"}]},{\"@type\":\"WebSite\",\"@id\":\"https:\\\/\\\/fhs.cd\\\/de\\\/#website\",\"url\":\"https:\\\/\\\/fhs.cd\\\/de\\\/\",\"name\":\"Fondation Hanns Seidel\",\"description\":\"\",\"publisher\":{\"@id\":\"https:\\\/\\\/fhs.cd\\\/de\\\/#organization\"},\"potentialAction\":[{\"@type\":\"SearchAction\",\"target\":{\"@type\":\"EntryPoint\",\"urlTemplate\":\"https:\\\/\\\/fhs.cd\\\/de\\\/?s={search_term_string}\"},\"query-input\":{\"@type\":\"PropertyValueSpecification\",\"valueRequired\":true,\"valueName\":\"search_term_string\"}}],\"inLanguage\":\"fr-FR\"},{\"@type\":\"Organization\",\"@id\":\"https:\\\/\\\/fhs.cd\\\/de\\\/#organization\",\"name\":\"Fondation Hanns Seidel\",\"url\":\"https:\\\/\\\/fhs.cd\\\/de\\\/\",\"logo\":{\"@type\":\"ImageObject\",\"inLanguage\":\"fr-FR\",\"@id\":\"https:\\\/\\\/fhs.cd\\\/de\\\/#\\\/schema\\\/logo\\\/image\\\/\",\"url\":\"https:\\\/\\\/fhs.cd\\\/de\\\/wp-content\\\/uploads\\\/2023\\\/01\\\/cropped-FHS-Logo_fran_RGB_40.jpg\",\"contentUrl\":\"https:\\\/\\\/fhs.cd\\\/de\\\/wp-content\\\/uploads\\\/2023\\\/01\\\/cropped-FHS-Logo_fran_RGB_40.jpg\",\"width\":570,\"height\":280,\"caption\":\"Fondation Hanns Seidel\"},\"image\":{\"@id\":\"https:\\\/\\\/fhs.cd\\\/de\\\/#\\\/schema\\\/logo\\\/image\\\/\"}}]}<\/script>\r\n<!-- \/ Yoast SEO plugin. -->","yoast_head_json":{"title":"Historisches | Fondation Hanns Seidel","robots":{"index":"index","follow":"follow","max-snippet":"max-snippet:-1","max-image-preview":"max-image-preview:large","max-video-preview":"max-video-preview:-1"},"canonical":"https:\/\/fhs.cd\/de\/wer-wir-sind\/historisches\/","og_locale":"fr_FR","og_type":"article","og_title":"Historisches | Fondation Hanns Seidel","og_description":"1979 Er\u00f6ffnung des HSS-Auslandsb\u00fcros Kinshasa, Za\u00efre 1981 &#8211; 1995 PFIK &#8211; Implementierungsprojekt der Landwirte in [&hellip;]","og_url":"https:\/\/fhs.cd\/de\/wer-wir-sind\/historisches\/","og_site_name":"Fondation Hanns Seidel","article_modified_time":"2025-06-25T14:08:04+00:00","og_image":[{"url":"https:\/\/fhs.cd\/de\/wp-content\/uploads\/2023\/01\/20171019_Headerbild.jpg","type":"","width":"","height":""}],"twitter_card":"summary_large_image","twitter_misc":{"Dur\u00e9e de lecture estim\u00e9e":"8 minutes"},"schema":{"@context":"https:\/\/schema.org","@graph":[{"@type":"WebPage","@id":"https:\/\/fhs.cd\/de\/wer-wir-sind\/historisches\/","url":"https:\/\/fhs.cd\/de\/wer-wir-sind\/historisches\/","name":"Historisches | Fondation Hanns Seidel","isPartOf":{"@id":"https:\/\/fhs.cd\/de\/#website"},"primaryImageOfPage":{"@id":"https:\/\/fhs.cd\/de\/wer-wir-sind\/historisches\/#primaryimage"},"image":{"@id":"https:\/\/fhs.cd\/de\/wer-wir-sind\/historisches\/#primaryimage"},"thumbnailUrl":"https:\/\/fhs.cd\/de\/wp-content\/uploads\/2023\/01\/20171019_Headerbild.jpg","datePublished":"2023-01-16T18:37:37+00:00","dateModified":"2025-06-25T14:08:04+00:00","breadcrumb":{"@id":"https:\/\/fhs.cd\/de\/wer-wir-sind\/historisches\/#breadcrumb"},"inLanguage":"fr-FR","potentialAction":[{"@type":"ReadAction","target":["https:\/\/fhs.cd\/de\/wer-wir-sind\/historisches\/"]}]},{"@type":"ImageObject","inLanguage":"fr-FR","@id":"https:\/\/fhs.cd\/de\/wer-wir-sind\/historisches\/#primaryimage","url":"https:\/\/fhs.cd\/de\/wp-content\/uploads\/2023\/01\/20171019_Headerbild.jpg","contentUrl":"https:\/\/fhs.cd\/de\/wp-content\/uploads\/2023\/01\/20171019_Headerbild.jpg","width":1200,"height":800},{"@type":"BreadcrumbList","@id":"https:\/\/fhs.cd\/de\/wer-wir-sind\/historisches\/#breadcrumb","itemListElement":[{"@type":"ListItem","position":1,"name":"Accueil","item":"https:\/\/fhs.cd\/de\/"},{"@type":"ListItem","position":2,"name":"Wer wir sind","item":"https:\/\/fhs.cd\/de\/wer-wir-sind\/"},{"@type":"ListItem","position":3,"name":"Historisches"}]},{"@type":"WebSite","@id":"https:\/\/fhs.cd\/de\/#website","url":"https:\/\/fhs.cd\/de\/","name":"Fondation Hanns Seidel","description":"","publisher":{"@id":"https:\/\/fhs.cd\/de\/#organization"},"potentialAction":[{"@type":"SearchAction","target":{"@type":"EntryPoint","urlTemplate":"https:\/\/fhs.cd\/de\/?s={search_term_string}"},"query-input":{"@type":"PropertyValueSpecification","valueRequired":true,"valueName":"search_term_string"}}],"inLanguage":"fr-FR"},{"@type":"Organization","@id":"https:\/\/fhs.cd\/de\/#organization","name":"Fondation Hanns Seidel","url":"https:\/\/fhs.cd\/de\/","logo":{"@type":"ImageObject","inLanguage":"fr-FR","@id":"https:\/\/fhs.cd\/de\/#\/schema\/logo\/image\/","url":"https:\/\/fhs.cd\/de\/wp-content\/uploads\/2023\/01\/cropped-FHS-Logo_fran_RGB_40.jpg","contentUrl":"https:\/\/fhs.cd\/de\/wp-content\/uploads\/2023\/01\/cropped-FHS-Logo_fran_RGB_40.jpg","width":570,"height":280,"caption":"Fondation Hanns Seidel"},"image":{"@id":"https:\/\/fhs.cd\/de\/#\/schema\/logo\/image\/"}}]}},"_links":{"self":[{"href":"https:\/\/fhs.cd\/de\/wp-json\/wp\/v2\/pages\/443","targetHints":{"allow":["GET"]}}],"collection":[{"href":"https:\/\/fhs.cd\/de\/wp-json\/wp\/v2\/pages"}],"about":[{"href":"https:\/\/fhs.cd\/de\/wp-json\/wp\/v2\/types\/page"}],"author":[{"embeddable":true,"href":"https:\/\/fhs.cd\/de\/wp-json\/wp\/v2\/users\/1"}],"replies":[{"embeddable":true,"href":"https:\/\/fhs.cd\/de\/wp-json\/wp\/v2\/comments?post=443"}],"version-history":[{"count":19,"href":"https:\/\/fhs.cd\/de\/wp-json\/wp\/v2\/pages\/443\/revisions"}],"predecessor-version":[{"id":4242,"href":"https:\/\/fhs.cd\/de\/wp-json\/wp\/v2\/pages\/443\/revisions\/4242"}],"up":[{"embeddable":true,"href":"https:\/\/fhs.cd\/de\/wp-json\/wp\/v2\/pages\/457"}],"wp:attachment":[{"href":"https:\/\/fhs.cd\/de\/wp-json\/wp\/v2\/media?parent=443"}],"curies":[{"name":"wp","href":"https:\/\/api.w.org\/{rel}","templated":true}]}}