{"id":239,"date":"2023-01-11T08:40:26","date_gmt":"2023-01-11T08:40:26","guid":{"rendered":"https:\/\/fhsrdc.wpcomstaging.com\/?page_id=239"},"modified":"2023-01-30T09:14:13","modified_gmt":"2023-01-30T09:14:13","slug":"foerderung-des-unternehmertums","status":"publish","type":"page","link":"https:\/\/fhs.cd\/de\/unsere-arbeit\/foerderung-des-unternehmertums\/","title":{"rendered":"F\u00f6rderung des Unternehmertums"},"content":{"rendered":"\t\t<div data-elementor-type=\"wp-page\" data-elementor-id=\"239\" class=\"elementor elementor-239\">\n\t\t\t\t\t\t<section class=\"elementor-section elementor-top-section elementor-element elementor-element-76732d6 elementor-section-boxed elementor-section-height-default elementor-section-height-default qodef-elementor-content-no\" data-id=\"76732d6\" data-element_type=\"section\" data-e-type=\"section\">\n\t\t\t\t\t\t<div class=\"elementor-container elementor-column-gap-default\">\n\t\t\t\t\t<div class=\"elementor-column elementor-col-50 elementor-top-column elementor-element elementor-element-418c7c9\" data-id=\"418c7c9\" data-element_type=\"column\" data-e-type=\"column\">\n\t\t\t<div class=\"elementor-widget-wrap elementor-element-populated\">\n\t\t\t\t\t\t<div class=\"elementor-element elementor-element-e289f79 elementor-widget elementor-widget-text-editor\" data-id=\"e289f79\" data-element_type=\"widget\" data-e-type=\"widget\" data-widget_type=\"text-editor.default\">\n\t\t\t\t<div class=\"elementor-widget-container\">\n\t\t\t\t\t\t\t\t\t<p><strong>Der Sektor der kleinen und mittleren Unternehmen (KMU) ist der Motor der Wirtschaft eines Landes. In der DRK machen die KMU mehr als 80% der Gesamtzahl aus und schaffen eine gro\u00dfe Anzahl an Arbeitspl\u00e4tzen. Die Notwendigkeit, in das Unternehmertum zu investieren, ist umso wichtiger, da es der Bev\u00f6lkerung Empowerment verschafft und die Lebensbedingungen verbessert. Daher ist es sinnvoll, den Unternehmergeist in allen Lebensbereichen zu f\u00f6rdern, um eine Mittelschicht zu schaffen und so zur Entwicklung des Landes beizutragen.<\/strong><\/p><p>Die verschiedenen Partner der Hanns-Seidel-Stiftung organisieren regelm\u00e4\u00dfig Seminare, die alle Aspekte abdecken sollen, die f\u00fcr die Gr\u00fcndung und F\u00fchrung eines Unternehmens notwendig sind. Mit CADEA lernen die Teilnehmer die grundlegenden Verfahren f\u00fcr die Gr\u00fcndung und F\u00fchrung eines kleinen oder mittleren Unternehmens kennen. Weitere Seminare widmen sich auch der Frage, wie man ein Kleinstunternehmen aus Eigenmitteln gr\u00fcndet und aufbaut. Fortgeschrittenere Workshops konzentrieren sich auf die Verarbeitung von Produkten.<\/p>\t\t\t\t\t\t\t\t<\/div>\n\t\t\t\t<\/div>\n\t\t\t\t\t<\/div>\n\t\t<\/div>\n\t\t\t\t<div class=\"elementor-column elementor-col-50 elementor-top-column elementor-element elementor-element-588d3b4\" data-id=\"588d3b4\" data-element_type=\"column\" data-e-type=\"column\">\n\t\t\t<div class=\"elementor-widget-wrap elementor-element-populated\">\n\t\t\t\t\t\t<div class=\"elementor-element elementor-element-70ea657 elementor-widget elementor-widget-image\" data-id=\"70ea657\" data-element_type=\"widget\" data-e-type=\"widget\" data-widget_type=\"image.default\">\n\t\t\t\t<div class=\"elementor-widget-container\">\n\t\t\t\t\t\t\t\t\t\t\t\t<figure class=\"wp-caption\">\n\t\t\t\t\t\t\t\t\t\t<img fetchpriority=\"high\" decoding=\"async\" width=\"1024\" height=\"682\" src=\"https:\/\/fhs.cd\/de\/wp-content\/uploads\/2023\/01\/pexels-photo-7309483-1-1024x682.jpeg\" class=\"attachment-large size-large wp-image-3223\" alt=\"\" srcset=\"https:\/\/fhs.cd\/de\/wp-content\/uploads\/2023\/01\/pexels-photo-7309483-1-1024x682.jpeg 1024w, https:\/\/fhs.cd\/de\/wp-content\/uploads\/2023\/01\/pexels-photo-7309483-1-300x200.jpeg 300w, https:\/\/fhs.cd\/de\/wp-content\/uploads\/2023\/01\/pexels-photo-7309483-1-768x512.jpeg 768w, https:\/\/fhs.cd\/de\/wp-content\/uploads\/2023\/01\/pexels-photo-7309483-1-1536x1024.jpeg 1536w, https:\/\/fhs.cd\/de\/wp-content\/uploads\/2023\/01\/pexels-photo-7309483-1.jpeg 1880w\" sizes=\"(max-width: 1024px) 100vw, 1024px\" \/>\t\t\t\t\t\t\t\t\t\t\t<figcaption class=\"widget-image-caption wp-caption-text\">Foto von RODNAE Productions auf Pexels.com<\/figcaption>\n\t\t\t\t\t\t\t\t\t\t<\/figure>\n\t\t\t\t\t\t\t\t\t<\/div>\n\t\t\t\t<\/div>\n\t\t\t\t\t<\/div>\n\t\t<\/div>\n\t\t\t\t\t<\/div>\n\t\t<\/section>\n\t\t\t\t<section class=\"elementor-section elementor-top-section elementor-element elementor-element-d1bdaa9 elementor-section-boxed elementor-section-height-default elementor-section-height-default qodef-elementor-content-no\" data-id=\"d1bdaa9\" data-element_type=\"section\" data-e-type=\"section\">\n\t\t\t\t\t\t<div class=\"elementor-container elementor-column-gap-default\">\n\t\t\t\t\t<div class=\"elementor-column elementor-col-50 elementor-top-column elementor-element elementor-element-b22a1d3\" data-id=\"b22a1d3\" data-element_type=\"column\" data-e-type=\"column\">\n\t\t\t<div class=\"elementor-widget-wrap elementor-element-populated\">\n\t\t\t\t\t\t<div class=\"elementor-element elementor-element-e61370b elementor-widget elementor-widget-image\" data-id=\"e61370b\" data-element_type=\"widget\" data-e-type=\"widget\" data-widget_type=\"image.default\">\n\t\t\t\t<div class=\"elementor-widget-container\">\n\t\t\t\t\t\t\t\t\t\t\t\t<figure class=\"wp-caption\">\n\t\t\t\t\t\t\t\t\t\t<img decoding=\"async\" width=\"683\" height=\"1024\" src=\"https:\/\/fhs.cd\/de\/wp-content\/uploads\/2023\/01\/2019-02-12_NTSIO_Tag-2_MD_0224-683x1024.jpg\" class=\"attachment-large size-large wp-image-3224\" alt=\"\" srcset=\"https:\/\/fhs.cd\/de\/wp-content\/uploads\/2023\/01\/2019-02-12_NTSIO_Tag-2_MD_0224-683x1024.jpg 683w, https:\/\/fhs.cd\/de\/wp-content\/uploads\/2023\/01\/2019-02-12_NTSIO_Tag-2_MD_0224-200x300.jpg 200w, https:\/\/fhs.cd\/de\/wp-content\/uploads\/2023\/01\/2019-02-12_NTSIO_Tag-2_MD_0224-768x1151.jpg 768w, https:\/\/fhs.cd\/de\/wp-content\/uploads\/2023\/01\/2019-02-12_NTSIO_Tag-2_MD_0224-1024x1536.jpg 1024w, https:\/\/fhs.cd\/de\/wp-content\/uploads\/2023\/01\/2019-02-12_NTSIO_Tag-2_MD_0224-1366x2048.jpg 1366w, https:\/\/fhs.cd\/de\/wp-content\/uploads\/2023\/01\/2019-02-12_NTSIO_Tag-2_MD_0224.jpg 1520w\" sizes=\"(max-width: 683px) 100vw, 683px\" \/>\t\t\t\t\t\t\t\t\t\t\t<figcaption class=\"widget-image-caption wp-caption-text\">\u00a9 Manuel Dorn <\/figcaption>\n\t\t\t\t\t\t\t\t\t\t<\/figure>\n\t\t\t\t\t\t\t\t\t<\/div>\n\t\t\t\t<\/div>\n\t\t\t\t\t<\/div>\n\t\t<\/div>\n\t\t\t\t<div class=\"elementor-column elementor-col-50 elementor-top-column elementor-element elementor-element-27cd700\" data-id=\"27cd700\" data-element_type=\"column\" data-e-type=\"column\">\n\t\t\t<div class=\"elementor-widget-wrap elementor-element-populated\">\n\t\t\t\t\t\t<div class=\"elementor-element elementor-element-a0889ed elementor-widget elementor-widget-text-editor\" data-id=\"a0889ed\" data-element_type=\"widget\" data-e-type=\"widget\" data-widget_type=\"text-editor.default\">\n\t\t\t\t<div class=\"elementor-widget-container\">\n\t\t\t\t\t\t\t\t\t<p>Die Auswertung der letzten Jahre zeigt, dass die Teilnehmer nach den Schulungen zur Verarbeitung und Konservierung von Agrarprodukten den Verarbeitungsprozess ihrer Produkte verbessert haben, indem sie einige der Empfehlungen aus den Schulungen umsetzten. Die Verarbeitung von Agrarprodukten ist eine T\u00e4tigkeit, die aufgrund der Wertsch\u00f6pfung im Vergleich zum Verkauf von unverarbeiteten Produkten h\u00f6here Eink\u00fcnfte erzielt. Die Partner, die die Teilnehmer zu Unternehmern ausbilden, betonen den Aufbau von Wertsch\u00f6pfungsketten, die von der Produktion \u00fcber die Verarbeitung, die Verpackung und den Transport bis hin zum Verbrauch reichen.<\/p><p>Ein weiterer entscheidender Aspekt der Arbeit zur F\u00f6rderung des Unternehmertums ist die Schaffung von Plattformen f\u00fcr Verb\u00e4nde von Kleinstunternehmern als Schnittstelle zu staatlichen Institutionen. Dadurch wird nicht nur der Dialog zwischen Unternehmern und staatlichen und zivilen Beh\u00f6rden verbessert, sondern die Verbandsgruppen k\u00f6nnen auch Einfluss auf die Entscheidungsprozesse nehmen, die kleine und mittlere Unternehmen betreffen. Die Etablierung von Verb\u00e4nden der Unternehmerverb\u00e4nde als Ansprechpartner f\u00fcr staatliche Institutionen st\u00e4rkt somit die Zusammenarbeit zwischen staatlichen Vertretern und Kleinunternehmen. Sie erm\u00f6glicht eine bessere Vertretung der Interessen von Kleinstunternehmern. So werden Pl\u00e4doyers f\u00fcr die Verbesserung des Gesch\u00e4ftsklimas, die Sanierung des Versorgungskreislaufs, die Zusammenarbeit mit staatlichen Stellen, Umwelt- und Steueraspekte usw. gehalten.<\/p>\t\t\t\t\t\t\t\t<\/div>\n\t\t\t\t<\/div>\n\t\t\t\t\t<\/div>\n\t\t<\/div>\n\t\t\t\t\t<\/div>\n\t\t<\/section>\n\t\t\t\t<section class=\"elementor-section elementor-top-section elementor-element elementor-element-13f7a06 elementor-section-boxed elementor-section-height-default elementor-section-height-default qodef-elementor-content-no\" data-id=\"13f7a06\" data-element_type=\"section\" data-e-type=\"section\">\n\t\t\t\t\t\t<div class=\"elementor-container elementor-column-gap-default\">\n\t\t\t\t\t<div class=\"elementor-column elementor-col-100 elementor-top-column elementor-element elementor-element-5de8c27\" data-id=\"5de8c27\" data-element_type=\"column\" data-e-type=\"column\">\n\t\t\t<div class=\"elementor-widget-wrap elementor-element-populated\">\n\t\t\t\t\t\t<div class=\"elementor-element elementor-element-ed17e28 elementor-widget elementor-widget-heading\" data-id=\"ed17e28\" data-element_type=\"widget\" data-e-type=\"widget\" data-widget_type=\"heading.default\">\n\t\t\t\t<div class=\"elementor-widget-container\">\n\t\t\t\t\t<h2 class=\"elementor-heading-title elementor-size-default\">Unsere Partner, die wir in diesem Bereich unterst\u00fctzen<\/h2>\t\t\t\t<\/div>\n\t\t\t\t<\/div>\n\t\t\t\t\t<\/div>\n\t\t<\/div>\n\t\t\t\t\t<\/div>\n\t\t<\/section>\n\t\t\t\t<section class=\"elementor-section elementor-top-section elementor-element elementor-element-f1c1c6e elementor-section-boxed elementor-section-height-default elementor-section-height-default qodef-elementor-content-no\" data-id=\"f1c1c6e\" data-element_type=\"section\" data-e-type=\"section\" data-settings=\"{&quot;background_background&quot;:&quot;classic&quot;}\">\n\t\t\t\t\t\t<div class=\"elementor-container elementor-column-gap-default\">\n\t\t\t\t\t<div class=\"elementor-column elementor-col-25 elementor-top-column elementor-element elementor-element-b7a4356\" data-id=\"b7a4356\" data-element_type=\"column\" data-e-type=\"column\">\n\t\t\t<div class=\"elementor-widget-wrap elementor-element-populated\">\n\t\t\t\t\t\t<div class=\"elementor-element elementor-element-c643a81 elementor-widget elementor-widget-image\" data-id=\"c643a81\" data-element_type=\"widget\" data-e-type=\"widget\" data-widget_type=\"image.default\">\n\t\t\t\t<div class=\"elementor-widget-container\">\n\t\t\t\t\t\t\t\t\t\t\t\t\t\t\t<img decoding=\"async\" width=\"150\" height=\"150\" src=\"https:\/\/fhs.cd\/de\/wp-content\/uploads\/2023\/01\/Fon-Ka-150x150.png\" class=\"attachment-thumbnail size-thumbnail wp-image-3227\" alt=\"\" srcset=\"https:\/\/fhs.cd\/de\/wp-content\/uploads\/2023\/01\/Fon-Ka-150x150.png 150w, https:\/\/fhs.cd\/de\/wp-content\/uploads\/2023\/01\/Fon-Ka-298x300.png 298w, https:\/\/fhs.cd\/de\/wp-content\/uploads\/2023\/01\/Fon-Ka.png 446w\" sizes=\"(max-width: 150px) 100vw, 150px\" \/>\t\t\t\t\t\t\t\t\t\t\t\t\t\t\t<\/div>\n\t\t\t\t<\/div>\n\t\t\t\t\t<\/div>\n\t\t<\/div>\n\t\t\t\t<div class=\"elementor-column elementor-col-25 elementor-top-column elementor-element elementor-element-eae64e7\" data-id=\"eae64e7\" data-element_type=\"column\" data-e-type=\"column\">\n\t\t\t<div class=\"elementor-widget-wrap elementor-element-populated\">\n\t\t\t\t\t\t<div class=\"elementor-element elementor-element-7b62594 elementor-widget elementor-widget-image\" data-id=\"7b62594\" data-element_type=\"widget\" data-e-type=\"widget\" data-widget_type=\"image.default\">\n\t\t\t\t<div class=\"elementor-widget-container\">\n\t\t\t\t\t\t\t\t\t\t\t\t\t\t\t<img loading=\"lazy\" decoding=\"async\" width=\"150\" height=\"150\" src=\"https:\/\/fhs.cd\/de\/wp-content\/uploads\/2023\/01\/cadea-150x150.png\" class=\"attachment-thumbnail size-thumbnail wp-image-3228\" alt=\"\" srcset=\"https:\/\/fhs.cd\/de\/wp-content\/uploads\/2023\/01\/cadea-150x150.png 150w, https:\/\/fhs.cd\/de\/wp-content\/uploads\/2023\/01\/cadea-300x300.png 300w, https:\/\/fhs.cd\/de\/wp-content\/uploads\/2023\/01\/cadea.png 446w\" sizes=\"(max-width: 150px) 100vw, 150px\" \/>\t\t\t\t\t\t\t\t\t\t\t\t\t\t\t<\/div>\n\t\t\t\t<\/div>\n\t\t\t\t\t<\/div>\n\t\t<\/div>\n\t\t\t\t<div class=\"elementor-column elementor-col-25 elementor-top-column elementor-element elementor-element-611057b\" data-id=\"611057b\" data-element_type=\"column\" data-e-type=\"column\">\n\t\t\t<div class=\"elementor-widget-wrap elementor-element-populated\">\n\t\t\t\t\t\t<div class=\"elementor-element elementor-element-82e0796 elementor-widget elementor-widget-image\" data-id=\"82e0796\" data-element_type=\"widget\" data-e-type=\"widget\" data-widget_type=\"image.default\">\n\t\t\t\t<div class=\"elementor-widget-container\">\n\t\t\t\t\t\t\t\t\t\t\t\t\t\t\t<img loading=\"lazy\" decoding=\"async\" width=\"150\" height=\"150\" src=\"https:\/\/fhs.cd\/de\/wp-content\/uploads\/2023\/01\/cadim-150x150.png\" class=\"attachment-thumbnail size-thumbnail wp-image-3229\" alt=\"\" srcset=\"https:\/\/fhs.cd\/de\/wp-content\/uploads\/2023\/01\/cadim-150x150.png 150w, https:\/\/fhs.cd\/de\/wp-content\/uploads\/2023\/01\/cadim-300x300.png 300w, https:\/\/fhs.cd\/de\/wp-content\/uploads\/2023\/01\/cadim.png 446w\" sizes=\"(max-width: 150px) 100vw, 150px\" \/>\t\t\t\t\t\t\t\t\t\t\t\t\t\t\t<\/div>\n\t\t\t\t<\/div>\n\t\t\t\t\t<\/div>\n\t\t<\/div>\n\t\t\t\t<div class=\"elementor-column elementor-col-25 elementor-top-column elementor-element elementor-element-2cf3fdf\" data-id=\"2cf3fdf\" data-element_type=\"column\" data-e-type=\"column\">\n\t\t\t<div class=\"elementor-widget-wrap elementor-element-populated\">\n\t\t\t\t\t\t<div class=\"elementor-element elementor-element-a7a47bf elementor-widget elementor-widget-image\" data-id=\"a7a47bf\" data-element_type=\"widget\" data-e-type=\"widget\" data-widget_type=\"image.default\">\n\t\t\t\t<div class=\"elementor-widget-container\">\n\t\t\t\t\t\t\t\t\t\t\t\t\t\t\t<img loading=\"lazy\" decoding=\"async\" width=\"150\" height=\"150\" src=\"https:\/\/fhs.cd\/de\/wp-content\/uploads\/2023\/01\/amadid-150x150.png\" class=\"attachment-thumbnail size-thumbnail wp-image-3230\" alt=\"\" srcset=\"https:\/\/fhs.cd\/de\/wp-content\/uploads\/2023\/01\/amadid-150x150.png 150w, https:\/\/fhs.cd\/de\/wp-content\/uploads\/2023\/01\/amadid-300x300.png 300w, https:\/\/fhs.cd\/de\/wp-content\/uploads\/2023\/01\/amadid.png 446w\" sizes=\"(max-width: 150px) 100vw, 150px\" \/>\t\t\t\t\t\t\t\t\t\t\t\t\t\t\t<\/div>\n\t\t\t\t<\/div>\n\t\t\t\t\t<\/div>\n\t\t<\/div>\n\t\t\t\t\t<\/div>\n\t\t<\/section>\n\t\t\t\t<section class=\"elementor-section elementor-top-section elementor-element elementor-element-fc2cc49 elementor-section-boxed elementor-section-height-default elementor-section-height-default qodef-elementor-content-no\" data-id=\"fc2cc49\" data-element_type=\"section\" data-e-type=\"section\" data-settings=\"{&quot;background_background&quot;:&quot;classic&quot;}\">\n\t\t\t\t\t\t<div class=\"elementor-container elementor-column-gap-default\">\n\t\t\t\t\t<div class=\"elementor-column elementor-col-25 elementor-top-column elementor-element elementor-element-09e9515\" data-id=\"09e9515\" data-element_type=\"column\" data-e-type=\"column\">\n\t\t\t<div class=\"elementor-widget-wrap elementor-element-populated\">\n\t\t\t\t\t\t<div class=\"elementor-element elementor-element-ae7e85b elementor-widget elementor-widget-image\" data-id=\"ae7e85b\" data-element_type=\"widget\" data-e-type=\"widget\" data-widget_type=\"image.default\">\n\t\t\t\t<div class=\"elementor-widget-container\">\n\t\t\t\t\t\t\t\t\t\t\t\t\t\t\t<img loading=\"lazy\" decoding=\"async\" width=\"150\" height=\"150\" src=\"https:\/\/fhs.cd\/de\/wp-content\/uploads\/2023\/01\/amapros-150x150.png\" class=\"attachment-thumbnail size-thumbnail wp-image-3231\" alt=\"\" srcset=\"https:\/\/fhs.cd\/de\/wp-content\/uploads\/2023\/01\/amapros-150x150.png 150w, https:\/\/fhs.cd\/de\/wp-content\/uploads\/2023\/01\/amapros-298x300.png 298w, https:\/\/fhs.cd\/de\/wp-content\/uploads\/2023\/01\/amapros.png 446w\" sizes=\"(max-width: 150px) 100vw, 150px\" \/>\t\t\t\t\t\t\t\t\t\t\t\t\t\t\t<\/div>\n\t\t\t\t<\/div>\n\t\t\t\t\t<\/div>\n\t\t<\/div>\n\t\t\t\t<div class=\"elementor-column elementor-col-25 elementor-top-column elementor-element elementor-element-d28d826\" data-id=\"d28d826\" data-element_type=\"column\" data-e-type=\"column\">\n\t\t\t<div class=\"elementor-widget-wrap elementor-element-populated\">\n\t\t\t\t\t\t<div class=\"elementor-element elementor-element-a38a80c elementor-widget elementor-widget-image\" data-id=\"a38a80c\" data-element_type=\"widget\" data-e-type=\"widget\" data-widget_type=\"image.default\">\n\t\t\t\t<div class=\"elementor-widget-container\">\n\t\t\t\t\t\t\t\t\t\t\t\t\t\t\t<img loading=\"lazy\" decoding=\"async\" width=\"150\" height=\"150\" src=\"https:\/\/fhs.cd\/de\/wp-content\/uploads\/2023\/01\/celtrag-150x150.png\" class=\"attachment-thumbnail size-thumbnail wp-image-3232\" alt=\"\" srcset=\"https:\/\/fhs.cd\/de\/wp-content\/uploads\/2023\/01\/celtrag-150x150.png 150w, https:\/\/fhs.cd\/de\/wp-content\/uploads\/2023\/01\/celtrag-298x300.png 298w, https:\/\/fhs.cd\/de\/wp-content\/uploads\/2023\/01\/celtrag.png 446w\" sizes=\"(max-width: 150px) 100vw, 150px\" \/>\t\t\t\t\t\t\t\t\t\t\t\t\t\t\t<\/div>\n\t\t\t\t<\/div>\n\t\t\t\t\t<\/div>\n\t\t<\/div>\n\t\t\t\t<div class=\"elementor-column elementor-col-25 elementor-top-column elementor-element elementor-element-b60eba9\" data-id=\"b60eba9\" data-element_type=\"column\" data-e-type=\"column\">\n\t\t\t<div class=\"elementor-widget-wrap elementor-element-populated\">\n\t\t\t\t\t\t<div class=\"elementor-element elementor-element-a55881a elementor-widget elementor-widget-image\" data-id=\"a55881a\" data-element_type=\"widget\" data-e-type=\"widget\" data-widget_type=\"image.default\">\n\t\t\t\t<div class=\"elementor-widget-container\">\n\t\t\t\t\t\t\t\t\t\t\t\t\t\t\t<img loading=\"lazy\" decoding=\"async\" width=\"150\" height=\"150\" src=\"https:\/\/fhs.cd\/de\/wp-content\/uploads\/2023\/01\/grain-150x150.png\" class=\"attachment-thumbnail size-thumbnail wp-image-3233\" alt=\"\" srcset=\"https:\/\/fhs.cd\/de\/wp-content\/uploads\/2023\/01\/grain-150x150.png 150w, https:\/\/fhs.cd\/de\/wp-content\/uploads\/2023\/01\/grain-298x300.png 298w, https:\/\/fhs.cd\/de\/wp-content\/uploads\/2023\/01\/grain.png 446w\" sizes=\"(max-width: 150px) 100vw, 150px\" \/>\t\t\t\t\t\t\t\t\t\t\t\t\t\t\t<\/div>\n\t\t\t\t<\/div>\n\t\t\t\t\t<\/div>\n\t\t<\/div>\n\t\t\t\t<div class=\"elementor-column elementor-col-25 elementor-top-column elementor-element elementor-element-721745e\" data-id=\"721745e\" data-element_type=\"column\" data-e-type=\"column\">\n\t\t\t<div class=\"elementor-widget-wrap elementor-element-populated\">\n\t\t\t\t\t\t<div class=\"elementor-element elementor-element-4241107 elementor-widget elementor-widget-image\" data-id=\"4241107\" data-element_type=\"widget\" data-e-type=\"widget\" data-widget_type=\"image.default\">\n\t\t\t\t<div class=\"elementor-widget-container\">\n\t\t\t\t\t\t\t\t\t\t\t\t\t\t\t<img loading=\"lazy\" decoding=\"async\" width=\"150\" height=\"150\" src=\"https:\/\/fhs.cd\/de\/wp-content\/uploads\/2023\/01\/sadecu-150x150.png\" class=\"attachment-thumbnail size-thumbnail wp-image-3234\" alt=\"\" srcset=\"https:\/\/fhs.cd\/de\/wp-content\/uploads\/2023\/01\/sadecu-150x150.png 150w, https:\/\/fhs.cd\/de\/wp-content\/uploads\/2023\/01\/sadecu-300x300.png 300w, https:\/\/fhs.cd\/de\/wp-content\/uploads\/2023\/01\/sadecu.png 446w\" sizes=\"(max-width: 150px) 100vw, 150px\" \/>\t\t\t\t\t\t\t\t\t\t\t\t\t\t\t<\/div>\n\t\t\t\t<\/div>\n\t\t\t\t\t<\/div>\n\t\t<\/div>\n\t\t\t\t\t<\/div>\n\t\t<\/section>\n\t\t\t\t<section class=\"elementor-section elementor-top-section elementor-element elementor-element-8cce2fc elementor-section-boxed elementor-section-height-default elementor-section-height-default qodef-elementor-content-no\" data-id=\"8cce2fc\" data-element_type=\"section\" data-e-type=\"section\">\n\t\t\t\t\t\t<div class=\"elementor-container elementor-column-gap-default\">\n\t\t\t\t\t<div class=\"elementor-column elementor-col-100 elementor-top-column elementor-element elementor-element-cdf8189\" data-id=\"cdf8189\" data-element_type=\"column\" data-e-type=\"column\">\n\t\t\t<div class=\"elementor-widget-wrap elementor-element-populated\">\n\t\t\t\t\t\t<div class=\"elementor-element elementor-element-9ec391b elementor-widget elementor-widget-spacer\" data-id=\"9ec391b\" data-element_type=\"widget\" data-e-type=\"widget\" data-widget_type=\"spacer.default\">\n\t\t\t\t<div class=\"elementor-widget-container\">\n\t\t\t\t\t\t\t<div class=\"elementor-spacer\">\n\t\t\t<div class=\"elementor-spacer-inner\"><\/div>\n\t\t<\/div>\n\t\t\t\t\t\t<\/div>\n\t\t\t\t<\/div>\n\t\t\t\t\t<\/div>\n\t\t<\/div>\n\t\t\t\t\t<\/div>\n\t\t<\/section>\n\t\t\t\t<section class=\"elementor-section elementor-top-section elementor-element elementor-element-f9e5d4e elementor-section-boxed elementor-section-height-default elementor-section-height-default qodef-elementor-content-no\" data-id=\"f9e5d4e\" data-element_type=\"section\" data-e-type=\"section\">\n\t\t\t\t\t\t<div class=\"elementor-container elementor-column-gap-default\">\n\t\t\t\t\t<div class=\"elementor-column elementor-col-50 elementor-top-column elementor-element elementor-element-78af797\" data-id=\"78af797\" data-element_type=\"column\" data-e-type=\"column\">\n\t\t\t<div class=\"elementor-widget-wrap elementor-element-populated\">\n\t\t\t\t\t\t<div class=\"elementor-element elementor-element-affbf2e elementor-widget elementor-widget-text-editor\" data-id=\"affbf2e\" data-element_type=\"widget\" data-e-type=\"widget\" data-widget_type=\"text-editor.default\">\n\t\t\t\t<div class=\"elementor-widget-container\">\n\t\t\t\t\t\t\t\t\t<p>Ein Mehrwert f\u00fcr die Teilnehmer besteht darin, dass sie Informationen \u00fcber das Prinzip der F\u00fchrung eines Kleinstunternehmens erhalten, \u00fcber Bankkredite unterrichtet werden und das Konzept der Erm\u00e4chtigung von Frauen und M\u00e4dchen in den Vordergrund gestellt wird. Seit Beginn der Projekte zur F\u00f6rderung des Unternehmertums wurden bemerkenswerte Ergebnisse erzielt. Es wurden Ver\u00e4nderungen in den Einstellungen, dem Wissen, den Werten und den F\u00e4higkeiten der Teilnehmer festgestellt. Die Teilnehmerinnen entwickelten Werte wie den vern\u00fcnftigen Umgang mit Geld und die Praxis des Sparens sowie die Wertsch\u00e4tzung ihrer Arbeit. Ein positiver Nebeneffekt war die St\u00e4rkung der Solidarit\u00e4t und des Austauschs zwischen den Teilnehmern. <strong>Die Ausbildung und Begleitung von jungen Unternehmensgr\u00fcndern und Start-ups sowie von Kleinunternehmern f\u00fchrt zu einer langfristigen und nachhaltigen Entwicklung in der kongolesischen Gesellschaft.<\/strong><\/p>\t\t\t\t\t\t\t\t<\/div>\n\t\t\t\t<\/div>\n\t\t\t\t\t<\/div>\n\t\t<\/div>\n\t\t\t\t<div class=\"elementor-column elementor-col-50 elementor-top-column elementor-element elementor-element-56519e3\" data-id=\"56519e3\" data-element_type=\"column\" data-e-type=\"column\">\n\t\t\t<div class=\"elementor-widget-wrap elementor-element-populated\">\n\t\t\t\t\t\t<div class=\"elementor-element elementor-element-c7b9925 elementor-widget elementor-widget-image\" data-id=\"c7b9925\" data-element_type=\"widget\" data-e-type=\"widget\" data-widget_type=\"image.default\">\n\t\t\t\t<div class=\"elementor-widget-container\">\n\t\t\t\t\t\t\t\t\t\t\t\t<figure class=\"wp-caption\">\n\t\t\t\t\t\t\t\t\t\t<img loading=\"lazy\" decoding=\"async\" width=\"1024\" height=\"683\" src=\"https:\/\/fhs.cd\/de\/wp-content\/uploads\/2023\/01\/2019-02-20_NTSIO_Tag-10_MD_0019-1024x683.jpg\" class=\"attachment-large size-large wp-image-3226\" alt=\"\" srcset=\"https:\/\/fhs.cd\/de\/wp-content\/uploads\/2023\/01\/2019-02-20_NTSIO_Tag-10_MD_0019-1024x683.jpg 1024w, https:\/\/fhs.cd\/de\/wp-content\/uploads\/2023\/01\/2019-02-20_NTSIO_Tag-10_MD_0019-300x200.jpg 300w, https:\/\/fhs.cd\/de\/wp-content\/uploads\/2023\/01\/2019-02-20_NTSIO_Tag-10_MD_0019-768x512.jpg 768w, https:\/\/fhs.cd\/de\/wp-content\/uploads\/2023\/01\/2019-02-20_NTSIO_Tag-10_MD_0019-1536x1024.jpg 1536w, https:\/\/fhs.cd\/de\/wp-content\/uploads\/2023\/01\/2019-02-20_NTSIO_Tag-10_MD_0019.jpg 1600w\" sizes=\"(max-width: 1024px) 100vw, 1024px\" \/>\t\t\t\t\t\t\t\t\t\t\t<figcaption class=\"widget-image-caption wp-caption-text\">\u00a9 Manuel Dorn <\/figcaption>\n\t\t\t\t\t\t\t\t\t\t<\/figure>\n\t\t\t\t\t\t\t\t\t<\/div>\n\t\t\t\t<\/div>\n\t\t\t\t<div class=\"elementor-element elementor-element-e6aa807 elementor-widget elementor-widget-image\" data-id=\"e6aa807\" data-element_type=\"widget\" data-e-type=\"widget\" data-widget_type=\"image.default\">\n\t\t\t\t<div class=\"elementor-widget-container\">\n\t\t\t\t\t\t\t\t\t\t\t\t<figure class=\"wp-caption\">\n\t\t\t\t\t\t\t\t\t\t<img loading=\"lazy\" decoding=\"async\" width=\"150\" height=\"141\" src=\"https:\/\/fhs.cd\/de\/wp-content\/uploads\/2023\/01\/development-kreis.svg\" class=\"attachment-thumbnail size-thumbnail wp-image-3018\" alt=\"\" \/>\t\t\t\t\t\t\t\t\t\t\t<figcaption class=\"widget-image-caption wp-caption-text\">Die F\u00f6rderung des Unternehmertums f\u00fchrt zu nachhaltiger Entwicklung<\/figcaption>\n\t\t\t\t\t\t\t\t\t\t<\/figure>\n\t\t\t\t\t\t\t\t\t<\/div>\n\t\t\t\t<\/div>\n\t\t\t\t\t<\/div>\n\t\t<\/div>\n\t\t\t\t\t<\/div>\n\t\t<\/section>\n\t\t\t\t<\/div>\n\t\t","protected":false},"excerpt":{"rendered":"<p>Der Sektor der kleinen und mittleren Unternehmen (KMU) ist der Motor der Wirtschaft eines Landes. [&hellip;]<\/p>\n","protected":false},"author":1,"featured_media":0,"parent":213,"menu_order":0,"comment_status":"closed","ping_status":"closed","template":"wp-custom-template-travail-entrepreneuriat","meta":{"_crdt_document":"","footnotes":""},"class_list":["post-239","page","type-page","status-publish","hentry"],"yoast_head":"<!-- This site is optimized with the Yoast SEO plugin v27.4 - https:\/\/yoast.com\/product\/yoast-seo-wordpress\/ -->\r\n<title>F\u00f6rderung des Unternehmertums | Fondation Hanns Seidel<\/title>\r\n<meta name=\"robots\" content=\"index, follow, max-snippet:-1, max-image-preview:large, max-video-preview:-1\" \/>\r\n<link rel=\"canonical\" href=\"https:\/\/fhs.cd\/de\/unsere-arbeit\/foerderung-des-unternehmertums\/\" \/>\r\n<meta property=\"og:locale\" content=\"fr_FR\" \/>\r\n<meta property=\"og:type\" content=\"article\" \/>\r\n<meta property=\"og:title\" content=\"F\u00f6rderung des Unternehmertums | Fondation Hanns Seidel\" \/>\r\n<meta property=\"og:description\" content=\"Der Sektor der kleinen und mittleren Unternehmen (KMU) ist der Motor der Wirtschaft eines Landes. [&hellip;]\" \/>\r\n<meta property=\"og:url\" content=\"https:\/\/fhs.cd\/de\/unsere-arbeit\/foerderung-des-unternehmertums\/\" \/>\r\n<meta property=\"og:site_name\" content=\"Fondation Hanns Seidel\" \/>\r\n<meta property=\"article:modified_time\" content=\"2023-01-30T09:14:13+00:00\" \/>\r\n<meta property=\"og:image\" content=\"https:\/\/fhs.cd\/de\/wp-content\/uploads\/2023\/01\/pexels-photo-7309483-1-1024x682.jpeg\" \/>\r\n<meta name=\"twitter:card\" content=\"summary_large_image\" \/>\r\n<meta name=\"twitter:label1\" content=\"Dur\u00e9e de lecture estim\u00e9e\" \/>\n\t<meta name=\"twitter:data1\" content=\"5 minutes\" \/>\r\n<script type=\"application\/ld+json\" class=\"yoast-schema-graph\">{\"@context\":\"https:\\\/\\\/schema.org\",\"@graph\":[{\"@type\":\"WebPage\",\"@id\":\"https:\\\/\\\/fhs.cd\\\/de\\\/unsere-arbeit\\\/foerderung-des-unternehmertums\\\/\",\"url\":\"https:\\\/\\\/fhs.cd\\\/de\\\/unsere-arbeit\\\/foerderung-des-unternehmertums\\\/\",\"name\":\"F\u00f6rderung des Unternehmertums | Fondation Hanns Seidel\",\"isPartOf\":{\"@id\":\"https:\\\/\\\/fhs.cd\\\/de\\\/#website\"},\"primaryImageOfPage\":{\"@id\":\"https:\\\/\\\/fhs.cd\\\/de\\\/unsere-arbeit\\\/foerderung-des-unternehmertums\\\/#primaryimage\"},\"image\":{\"@id\":\"https:\\\/\\\/fhs.cd\\\/de\\\/unsere-arbeit\\\/foerderung-des-unternehmertums\\\/#primaryimage\"},\"thumbnailUrl\":\"https:\\\/\\\/fhs.cd\\\/de\\\/wp-content\\\/uploads\\\/2023\\\/01\\\/pexels-photo-7309483-1-1024x682.jpeg\",\"datePublished\":\"2023-01-11T08:40:26+00:00\",\"dateModified\":\"2023-01-30T09:14:13+00:00\",\"breadcrumb\":{\"@id\":\"https:\\\/\\\/fhs.cd\\\/de\\\/unsere-arbeit\\\/foerderung-des-unternehmertums\\\/#breadcrumb\"},\"inLanguage\":\"fr-FR\",\"potentialAction\":[{\"@type\":\"ReadAction\",\"target\":[\"https:\\\/\\\/fhs.cd\\\/de\\\/unsere-arbeit\\\/foerderung-des-unternehmertums\\\/\"]}]},{\"@type\":\"ImageObject\",\"inLanguage\":\"fr-FR\",\"@id\":\"https:\\\/\\\/fhs.cd\\\/de\\\/unsere-arbeit\\\/foerderung-des-unternehmertums\\\/#primaryimage\",\"url\":\"https:\\\/\\\/fhs.cd\\\/de\\\/wp-content\\\/uploads\\\/2023\\\/01\\\/pexels-photo-7309483-1.jpeg\",\"contentUrl\":\"https:\\\/\\\/fhs.cd\\\/de\\\/wp-content\\\/uploads\\\/2023\\\/01\\\/pexels-photo-7309483-1.jpeg\",\"width\":1880,\"height\":1253},{\"@type\":\"BreadcrumbList\",\"@id\":\"https:\\\/\\\/fhs.cd\\\/de\\\/unsere-arbeit\\\/foerderung-des-unternehmertums\\\/#breadcrumb\",\"itemListElement\":[{\"@type\":\"ListItem\",\"position\":1,\"name\":\"Accueil\",\"item\":\"https:\\\/\\\/fhs.cd\\\/de\\\/\"},{\"@type\":\"ListItem\",\"position\":2,\"name\":\"Unsere Arbeit\",\"item\":\"https:\\\/\\\/fhs.cd\\\/de\\\/unsere-arbeit\\\/\"},{\"@type\":\"ListItem\",\"position\":3,\"name\":\"F\u00f6rderung des Unternehmertums\"}]},{\"@type\":\"WebSite\",\"@id\":\"https:\\\/\\\/fhs.cd\\\/de\\\/#website\",\"url\":\"https:\\\/\\\/fhs.cd\\\/de\\\/\",\"name\":\"Fondation Hanns Seidel\",\"description\":\"\",\"publisher\":{\"@id\":\"https:\\\/\\\/fhs.cd\\\/de\\\/#organization\"},\"potentialAction\":[{\"@type\":\"SearchAction\",\"target\":{\"@type\":\"EntryPoint\",\"urlTemplate\":\"https:\\\/\\\/fhs.cd\\\/de\\\/?s={search_term_string}\"},\"query-input\":{\"@type\":\"PropertyValueSpecification\",\"valueRequired\":true,\"valueName\":\"search_term_string\"}}],\"inLanguage\":\"fr-FR\"},{\"@type\":\"Organization\",\"@id\":\"https:\\\/\\\/fhs.cd\\\/de\\\/#organization\",\"name\":\"Fondation Hanns Seidel\",\"url\":\"https:\\\/\\\/fhs.cd\\\/de\\\/\",\"logo\":{\"@type\":\"ImageObject\",\"inLanguage\":\"fr-FR\",\"@id\":\"https:\\\/\\\/fhs.cd\\\/de\\\/#\\\/schema\\\/logo\\\/image\\\/\",\"url\":\"https:\\\/\\\/fhs.cd\\\/de\\\/wp-content\\\/uploads\\\/2023\\\/01\\\/cropped-FHS-Logo_fran_RGB_40.jpg\",\"contentUrl\":\"https:\\\/\\\/fhs.cd\\\/de\\\/wp-content\\\/uploads\\\/2023\\\/01\\\/cropped-FHS-Logo_fran_RGB_40.jpg\",\"width\":570,\"height\":280,\"caption\":\"Fondation Hanns Seidel\"},\"image\":{\"@id\":\"https:\\\/\\\/fhs.cd\\\/de\\\/#\\\/schema\\\/logo\\\/image\\\/\"}}]}<\/script>\r\n<!-- \/ Yoast SEO plugin. -->","yoast_head_json":{"title":"F\u00f6rderung des Unternehmertums | Fondation Hanns Seidel","robots":{"index":"index","follow":"follow","max-snippet":"max-snippet:-1","max-image-preview":"max-image-preview:large","max-video-preview":"max-video-preview:-1"},"canonical":"https:\/\/fhs.cd\/de\/unsere-arbeit\/foerderung-des-unternehmertums\/","og_locale":"fr_FR","og_type":"article","og_title":"F\u00f6rderung des Unternehmertums | Fondation Hanns Seidel","og_description":"Der Sektor der kleinen und mittleren Unternehmen (KMU) ist der Motor der Wirtschaft eines Landes. [&hellip;]","og_url":"https:\/\/fhs.cd\/de\/unsere-arbeit\/foerderung-des-unternehmertums\/","og_site_name":"Fondation Hanns Seidel","article_modified_time":"2023-01-30T09:14:13+00:00","og_image":[{"url":"https:\/\/fhs.cd\/de\/wp-content\/uploads\/2023\/01\/pexels-photo-7309483-1-1024x682.jpeg","type":"","width":"","height":""}],"twitter_card":"summary_large_image","twitter_misc":{"Dur\u00e9e de lecture estim\u00e9e":"5 minutes"},"schema":{"@context":"https:\/\/schema.org","@graph":[{"@type":"WebPage","@id":"https:\/\/fhs.cd\/de\/unsere-arbeit\/foerderung-des-unternehmertums\/","url":"https:\/\/fhs.cd\/de\/unsere-arbeit\/foerderung-des-unternehmertums\/","name":"F\u00f6rderung des Unternehmertums | Fondation Hanns Seidel","isPartOf":{"@id":"https:\/\/fhs.cd\/de\/#website"},"primaryImageOfPage":{"@id":"https:\/\/fhs.cd\/de\/unsere-arbeit\/foerderung-des-unternehmertums\/#primaryimage"},"image":{"@id":"https:\/\/fhs.cd\/de\/unsere-arbeit\/foerderung-des-unternehmertums\/#primaryimage"},"thumbnailUrl":"https:\/\/fhs.cd\/de\/wp-content\/uploads\/2023\/01\/pexels-photo-7309483-1-1024x682.jpeg","datePublished":"2023-01-11T08:40:26+00:00","dateModified":"2023-01-30T09:14:13+00:00","breadcrumb":{"@id":"https:\/\/fhs.cd\/de\/unsere-arbeit\/foerderung-des-unternehmertums\/#breadcrumb"},"inLanguage":"fr-FR","potentialAction":[{"@type":"ReadAction","target":["https:\/\/fhs.cd\/de\/unsere-arbeit\/foerderung-des-unternehmertums\/"]}]},{"@type":"ImageObject","inLanguage":"fr-FR","@id":"https:\/\/fhs.cd\/de\/unsere-arbeit\/foerderung-des-unternehmertums\/#primaryimage","url":"https:\/\/fhs.cd\/de\/wp-content\/uploads\/2023\/01\/pexels-photo-7309483-1.jpeg","contentUrl":"https:\/\/fhs.cd\/de\/wp-content\/uploads\/2023\/01\/pexels-photo-7309483-1.jpeg","width":1880,"height":1253},{"@type":"BreadcrumbList","@id":"https:\/\/fhs.cd\/de\/unsere-arbeit\/foerderung-des-unternehmertums\/#breadcrumb","itemListElement":[{"@type":"ListItem","position":1,"name":"Accueil","item":"https:\/\/fhs.cd\/de\/"},{"@type":"ListItem","position":2,"name":"Unsere Arbeit","item":"https:\/\/fhs.cd\/de\/unsere-arbeit\/"},{"@type":"ListItem","position":3,"name":"F\u00f6rderung des Unternehmertums"}]},{"@type":"WebSite","@id":"https:\/\/fhs.cd\/de\/#website","url":"https:\/\/fhs.cd\/de\/","name":"Fondation Hanns Seidel","description":"","publisher":{"@id":"https:\/\/fhs.cd\/de\/#organization"},"potentialAction":[{"@type":"SearchAction","target":{"@type":"EntryPoint","urlTemplate":"https:\/\/fhs.cd\/de\/?s={search_term_string}"},"query-input":{"@type":"PropertyValueSpecification","valueRequired":true,"valueName":"search_term_string"}}],"inLanguage":"fr-FR"},{"@type":"Organization","@id":"https:\/\/fhs.cd\/de\/#organization","name":"Fondation Hanns Seidel","url":"https:\/\/fhs.cd\/de\/","logo":{"@type":"ImageObject","inLanguage":"fr-FR","@id":"https:\/\/fhs.cd\/de\/#\/schema\/logo\/image\/","url":"https:\/\/fhs.cd\/de\/wp-content\/uploads\/2023\/01\/cropped-FHS-Logo_fran_RGB_40.jpg","contentUrl":"https:\/\/fhs.cd\/de\/wp-content\/uploads\/2023\/01\/cropped-FHS-Logo_fran_RGB_40.jpg","width":570,"height":280,"caption":"Fondation Hanns Seidel"},"image":{"@id":"https:\/\/fhs.cd\/de\/#\/schema\/logo\/image\/"}}]}},"_links":{"self":[{"href":"https:\/\/fhs.cd\/de\/wp-json\/wp\/v2\/pages\/239","targetHints":{"allow":["GET"]}}],"collection":[{"href":"https:\/\/fhs.cd\/de\/wp-json\/wp\/v2\/pages"}],"about":[{"href":"https:\/\/fhs.cd\/de\/wp-json\/wp\/v2\/types\/page"}],"author":[{"embeddable":true,"href":"https:\/\/fhs.cd\/de\/wp-json\/wp\/v2\/users\/1"}],"replies":[{"embeddable":true,"href":"https:\/\/fhs.cd\/de\/wp-json\/wp\/v2\/comments?post=239"}],"version-history":[{"count":10,"href":"https:\/\/fhs.cd\/de\/wp-json\/wp\/v2\/pages\/239\/revisions"}],"predecessor-version":[{"id":3571,"href":"https:\/\/fhs.cd\/de\/wp-json\/wp\/v2\/pages\/239\/revisions\/3571"}],"up":[{"embeddable":true,"href":"https:\/\/fhs.cd\/de\/wp-json\/wp\/v2\/pages\/213"}],"wp:attachment":[{"href":"https:\/\/fhs.cd\/de\/wp-json\/wp\/v2\/media?parent=239"}],"curies":[{"name":"wp","href":"https:\/\/api.w.org\/{rel}","templated":true}]}}