{"id":235,"date":"2022-11-14T14:43:48","date_gmt":"2022-11-14T14:43:48","guid":{"rendered":"https:\/\/fhsrdc.wpcomstaging.com\/?page_id=235"},"modified":"2023-01-30T08:07:03","modified_gmt":"2023-01-30T08:07:03","slug":"agroforstwirtschaft","status":"publish","type":"page","link":"https:\/\/fhs.cd\/de\/unsere-arbeit\/agroforstwirtschaft\/","title":{"rendered":"Agroforstwirtschaft"},"content":{"rendered":"\t\t<div data-elementor-type=\"wp-page\" data-elementor-id=\"235\" class=\"elementor elementor-235\">\n\t\t\t\t\t\t<section class=\"elementor-section elementor-top-section elementor-element elementor-element-990f46e elementor-section-boxed elementor-section-height-default elementor-section-height-default qodef-elementor-content-no\" data-id=\"990f46e\" data-element_type=\"section\" data-e-type=\"section\">\n\t\t\t\t\t\t<div class=\"elementor-container elementor-column-gap-default\">\n\t\t\t\t\t<div class=\"elementor-column elementor-col-100 elementor-top-column elementor-element elementor-element-e1389f4\" data-id=\"e1389f4\" data-element_type=\"column\" data-e-type=\"column\">\n\t\t\t<div class=\"elementor-widget-wrap elementor-element-populated\">\n\t\t\t\t\t\t<div class=\"elementor-element elementor-element-3fa769b elementor-widget elementor-widget-heading\" data-id=\"3fa769b\" data-element_type=\"widget\" data-e-type=\"widget\" data-widget_type=\"heading.default\">\n\t\t\t\t<div class=\"elementor-widget-container\">\n\t\t\t\t\t<h2 class=\"elementor-heading-title elementor-size-default\">Der Prozess der Agroforstwirtschaft<\/h2>\t\t\t\t<\/div>\n\t\t\t\t<\/div>\n\t\t\t\t\t<\/div>\n\t\t<\/div>\n\t\t\t\t\t<\/div>\n\t\t<\/section>\n\t\t\t\t<section class=\"elementor-section elementor-top-section elementor-element elementor-element-2793d3e elementor-section-boxed elementor-section-height-default elementor-section-height-default qodef-elementor-content-no\" data-id=\"2793d3e\" data-element_type=\"section\" data-e-type=\"section\">\n\t\t\t\t\t\t<div class=\"elementor-container elementor-column-gap-default\">\n\t\t\t\t\t<div class=\"elementor-column elementor-col-50 elementor-top-column elementor-element elementor-element-b77820f\" data-id=\"b77820f\" data-element_type=\"column\" data-e-type=\"column\">\n\t\t\t<div class=\"elementor-widget-wrap elementor-element-populated\">\n\t\t\t\t\t\t<div class=\"elementor-element elementor-element-14afac6 elementor-widget elementor-widget-text-editor\" data-id=\"14afac6\" data-element_type=\"widget\" data-e-type=\"widget\" data-widget_type=\"text-editor.default\">\n\t\t\t\t<div class=\"elementor-widget-container\">\n\t\t\t\t\t\t\t\t\t<p><strong>Zum besseren Verst\u00e4ndnis der Bildbeschreibung der Schriftform hier die Erkl\u00e4rung (von links nach rechts): Im Rahmen jeder Pflanzkampagne werden die Savannenwiesen mit Traktoren umgepfl\u00fcgt. Anschlie\u00dfend pflanzen die B\u00e4uerinnen und Bauern die Reihen mit Akazien, abwechselnd mit zwei Reihen Maniok.<\/strong><\/p><p>Wenn die Akazien ab einem Alter von 7 bis 10 Jahren zum F\u00e4llen bereit sind, werden sie in Meilern zu Holzkohle verarbeitet, in S\u00e4cke verpackt und vermarktet. Anschlie\u00dfend kann das Feld abgebrannt werden (wie im Kapitel \u00ab\u00a0Die Akazien\u00a0\u00bb beschrieben). Wenn dies zum richtigen Zeitpunkt geschieht, keimen die Akazien schnell und wachsen zahlreich durch die geschw\u00e4rzte Schicht der verkohlten Pflanzenreste hindurch. Die \u00fcberfl\u00fcssigen jungen Triebe werden mit der Hacke (Hacke) entfernt und dazwischen kann Mais ges\u00e4t werden.<\/p><p>Nach der Maisernte, die etwa drei Monate nach der Aussaat erfolgt, verbleiben dort junge Maniokpflanzen, die nach 12 bis 20 Monaten geerntet werden, so dass die Ernte je nach Bedarf und Vermarktungsm\u00f6glichkeiten schrittweise erfolgen kann. Zu diesem Zeitpunkt sind die neuen Akazienb\u00e4ume bereits so hoch, dass der Raum zwischen ihnen nicht mehr f\u00fcr den Anbau genutzt werden kann.<\/p>\t\t\t\t\t\t\t\t<\/div>\n\t\t\t\t<\/div>\n\t\t\t\t\t<\/div>\n\t\t<\/div>\n\t\t\t\t<div class=\"elementor-column elementor-col-50 elementor-top-column elementor-element elementor-element-9484eb3\" data-id=\"9484eb3\" data-element_type=\"column\" data-e-type=\"column\">\n\t\t\t<div class=\"elementor-widget-wrap elementor-element-populated\">\n\t\t\t\t\t\t<div class=\"elementor-element elementor-element-985814e elementor-widget elementor-widget-image\" data-id=\"985814e\" data-element_type=\"widget\" data-e-type=\"widget\" data-widget_type=\"image.default\">\n\t\t\t\t<div class=\"elementor-widget-container\">\n\t\t\t\t\t\t\t\t\t\t\t\t<figure class=\"wp-caption\">\n\t\t\t\t\t\t\t\t\t\t<img fetchpriority=\"high\" decoding=\"async\" width=\"1024\" height=\"683\" src=\"https:\/\/fhs.cd\/de\/wp-content\/uploads\/2023\/01\/2019-02-14_NTSIO_Tag-4_MD_0012-1024x683.jpg\" class=\"attachment-large size-large wp-image-3156\" alt=\"\" srcset=\"https:\/\/fhs.cd\/de\/wp-content\/uploads\/2023\/01\/2019-02-14_NTSIO_Tag-4_MD_0012-1024x683.jpg 1024w, https:\/\/fhs.cd\/de\/wp-content\/uploads\/2023\/01\/2019-02-14_NTSIO_Tag-4_MD_0012-300x200.jpg 300w, https:\/\/fhs.cd\/de\/wp-content\/uploads\/2023\/01\/2019-02-14_NTSIO_Tag-4_MD_0012-768x512.jpg 768w, https:\/\/fhs.cd\/de\/wp-content\/uploads\/2023\/01\/2019-02-14_NTSIO_Tag-4_MD_0012.jpg 1520w\" sizes=\"(max-width: 1024px) 100vw, 1024px\" \/>\t\t\t\t\t\t\t\t\t\t\t<figcaption class=\"widget-image-caption wp-caption-text\">\u00a9 Manuel Dorn - Pflanzung von Akaziensamen in der Baumschule<\/figcaption>\n\t\t\t\t\t\t\t\t\t\t<\/figure>\n\t\t\t\t\t\t\t\t\t<\/div>\n\t\t\t\t<\/div>\n\t\t\t\t<div class=\"elementor-element elementor-element-0a67a06 elementor-widget elementor-widget-image\" data-id=\"0a67a06\" data-element_type=\"widget\" data-e-type=\"widget\" data-widget_type=\"image.default\">\n\t\t\t\t<div class=\"elementor-widget-container\">\n\t\t\t\t\t\t\t\t\t\t\t\t<figure class=\"wp-caption\">\n\t\t\t\t\t\t\t\t\t\t<img decoding=\"async\" width=\"1024\" height=\"683\" src=\"https:\/\/fhs.cd\/de\/wp-content\/uploads\/2023\/01\/2019-02-17_NTSIO_Tag-7_MD_0222-1024x683.jpg\" class=\"attachment-large size-large wp-image-2988\" alt=\"\" srcset=\"https:\/\/fhs.cd\/de\/wp-content\/uploads\/2023\/01\/2019-02-17_NTSIO_Tag-7_MD_0222-1024x683.jpg 1024w, https:\/\/fhs.cd\/de\/wp-content\/uploads\/2023\/01\/2019-02-17_NTSIO_Tag-7_MD_0222-300x200.jpg 300w, https:\/\/fhs.cd\/de\/wp-content\/uploads\/2023\/01\/2019-02-17_NTSIO_Tag-7_MD_0222-768x512.jpg 768w, https:\/\/fhs.cd\/de\/wp-content\/uploads\/2023\/01\/2019-02-17_NTSIO_Tag-7_MD_0222.jpg 1520w\" sizes=\"(max-width: 1024px) 100vw, 1024px\" \/>\t\t\t\t\t\t\t\t\t\t\t<figcaption class=\"widget-image-caption wp-caption-text\">\u00a9 Manuel Dorn - \u00dcberblick \u00fcber die B\u00e4ume, die in der Savanne gewachsen sind<\/figcaption>\n\t\t\t\t\t\t\t\t\t\t<\/figure>\n\t\t\t\t\t\t\t\t\t<\/div>\n\t\t\t\t<\/div>\n\t\t\t\t\t<\/div>\n\t\t<\/div>\n\t\t\t\t\t<\/div>\n\t\t<\/section>\n\t\t\t\t<section class=\"elementor-section elementor-top-section elementor-element elementor-element-60466d1 elementor-section-boxed elementor-section-height-default elementor-section-height-default qodef-elementor-content-no\" data-id=\"60466d1\" data-element_type=\"section\" data-e-type=\"section\" data-settings=\"{&quot;background_background&quot;:&quot;classic&quot;}\">\n\t\t\t\t\t\t<div class=\"elementor-container elementor-column-gap-default\">\n\t\t\t\t\t<div class=\"elementor-column elementor-col-50 elementor-top-column elementor-element elementor-element-72fb0f5\" data-id=\"72fb0f5\" data-element_type=\"column\" data-e-type=\"column\">\n\t\t\t<div class=\"elementor-widget-wrap elementor-element-populated\">\n\t\t\t\t\t\t<div class=\"elementor-element elementor-element-1e5ddbc elementor-widget elementor-widget-image\" data-id=\"1e5ddbc\" data-element_type=\"widget\" data-e-type=\"widget\" data-widget_type=\"image.default\">\n\t\t\t\t<div class=\"elementor-widget-container\">\n\t\t\t\t\t\t\t\t\t\t\t\t<figure class=\"wp-caption\">\n\t\t\t\t\t\t\t\t\t\t<img decoding=\"async\" width=\"1024\" height=\"683\" src=\"https:\/\/fhs.cd\/de\/wp-content\/uploads\/2023\/01\/2019-02-15_NTSIO_Tag-5_MD_0338-1024x683.jpg\" class=\"attachment-large size-large wp-image-3141\" alt=\"\" srcset=\"https:\/\/fhs.cd\/de\/wp-content\/uploads\/2023\/01\/2019-02-15_NTSIO_Tag-5_MD_0338-1024x683.jpg 1024w, https:\/\/fhs.cd\/de\/wp-content\/uploads\/2023\/01\/2019-02-15_NTSIO_Tag-5_MD_0338-300x200.jpg 300w, https:\/\/fhs.cd\/de\/wp-content\/uploads\/2023\/01\/2019-02-15_NTSIO_Tag-5_MD_0338-768x512.jpg 768w, https:\/\/fhs.cd\/de\/wp-content\/uploads\/2023\/01\/2019-02-15_NTSIO_Tag-5_MD_0338.jpg 1520w\" sizes=\"(max-width: 1024px) 100vw, 1024px\" \/>\t\t\t\t\t\t\t\t\t\t\t<figcaption class=\"widget-image-caption wp-caption-text\">\u00a9 Manuel Dorn - Verpackte Holzkohle<\/figcaption>\n\t\t\t\t\t\t\t\t\t\t<\/figure>\n\t\t\t\t\t\t\t\t\t<\/div>\n\t\t\t\t<\/div>\n\t\t\t\t\t<\/div>\n\t\t<\/div>\n\t\t\t\t<div class=\"elementor-column elementor-col-50 elementor-top-column elementor-element elementor-element-352ee84\" data-id=\"352ee84\" data-element_type=\"column\" data-e-type=\"column\">\n\t\t\t<div class=\"elementor-widget-wrap elementor-element-populated\">\n\t\t\t\t\t\t<div class=\"elementor-element elementor-element-f2a3000 elementor-widget elementor-widget-image\" data-id=\"f2a3000\" data-element_type=\"widget\" data-e-type=\"widget\" data-widget_type=\"image.default\">\n\t\t\t\t<div class=\"elementor-widget-container\">\n\t\t\t\t\t\t\t\t\t\t\t\t<figure class=\"wp-caption\">\n\t\t\t\t\t\t\t\t\t\t<img loading=\"lazy\" decoding=\"async\" width=\"150\" height=\"141\" src=\"https:\/\/fhs.cd\/de\/wp-content\/uploads\/2023\/01\/development-kreis.svg\" class=\"attachment-thumbnail size-thumbnail wp-image-3018\" alt=\"\" \/>\t\t\t\t\t\t\t\t\t\t\t<figcaption class=\"widget-image-caption wp-caption-text\">Die Agroforstwirtschaft ist Teil eines unserer Hauptziele, das darin besteht, eine nachhaltige Entwicklung zu f\u00f6rdern.<\/figcaption>\n\t\t\t\t\t\t\t\t\t\t<\/figure>\n\t\t\t\t\t\t\t\t\t<\/div>\n\t\t\t\t<\/div>\n\t\t\t\t\t<\/div>\n\t\t<\/div>\n\t\t\t\t\t<\/div>\n\t\t<\/section>\n\t\t\t\t<section class=\"elementor-section elementor-top-section elementor-element elementor-element-8952854 elementor-section-boxed elementor-section-height-default elementor-section-height-default qodef-elementor-content-no\" data-id=\"8952854\" data-element_type=\"section\" data-e-type=\"section\">\n\t\t\t\t\t\t<div class=\"elementor-container elementor-column-gap-default\">\n\t\t\t\t\t<div class=\"elementor-column elementor-col-100 elementor-top-column elementor-element elementor-element-8d94859\" data-id=\"8d94859\" data-element_type=\"column\" data-e-type=\"column\">\n\t\t\t<div class=\"elementor-widget-wrap elementor-element-populated\">\n\t\t\t\t\t\t<div class=\"elementor-element elementor-element-525135b elementor-widget elementor-widget-image\" data-id=\"525135b\" data-element_type=\"widget\" data-e-type=\"widget\" data-widget_type=\"image.default\">\n\t\t\t\t<div class=\"elementor-widget-container\">\n\t\t\t\t\t\t\t\t\t\t\t\t\t\t\t<img loading=\"lazy\" decoding=\"async\" width=\"1024\" height=\"217\" src=\"https:\/\/fhs.cd\/de\/wp-content\/uploads\/2023\/01\/AF-schema-systeme1-1024x217.jpg\" class=\"attachment-large size-large wp-image-3157\" alt=\"\" srcset=\"https:\/\/fhs.cd\/de\/wp-content\/uploads\/2023\/01\/AF-schema-systeme1-1024x217.jpg 1024w, https:\/\/fhs.cd\/de\/wp-content\/uploads\/2023\/01\/AF-schema-systeme1-300x63.jpg 300w, https:\/\/fhs.cd\/de\/wp-content\/uploads\/2023\/01\/AF-schema-systeme1-768x162.jpg 768w, https:\/\/fhs.cd\/de\/wp-content\/uploads\/2023\/01\/AF-schema-systeme1-1536x325.jpg 1536w, https:\/\/fhs.cd\/de\/wp-content\/uploads\/2023\/01\/AF-schema-systeme1-2048x433.jpg 2048w\" sizes=\"(max-width: 1024px) 100vw, 1024px\" \/>\t\t\t\t\t\t\t\t\t\t\t\t\t\t\t<\/div>\n\t\t\t\t<\/div>\n\t\t\t\t\t<\/div>\n\t\t<\/div>\n\t\t\t\t\t<\/div>\n\t\t<\/section>\n\t\t\t\t<section class=\"elementor-section elementor-top-section elementor-element elementor-element-84affb0 elementor-section-boxed elementor-section-height-default elementor-section-height-default qodef-elementor-content-no\" data-id=\"84affb0\" data-element_type=\"section\" data-e-type=\"section\">\n\t\t\t\t\t\t<div class=\"elementor-container elementor-column-gap-default\">\n\t\t\t\t\t<div class=\"elementor-column elementor-col-100 elementor-top-column elementor-element elementor-element-935c708\" data-id=\"935c708\" data-element_type=\"column\" data-e-type=\"column\">\n\t\t\t<div class=\"elementor-widget-wrap elementor-element-populated\">\n\t\t\t\t\t\t<div class=\"elementor-element elementor-element-ab3959c elementor-widget elementor-widget-image\" data-id=\"ab3959c\" data-element_type=\"widget\" data-e-type=\"widget\" data-widget_type=\"image.default\">\n\t\t\t\t<div class=\"elementor-widget-container\">\n\t\t\t\t\t\t\t\t\t\t\t\t<figure class=\"wp-caption\">\n\t\t\t\t\t\t\t\t\t\t<img loading=\"lazy\" decoding=\"async\" width=\"1024\" height=\"318\" src=\"https:\/\/fhs.cd\/de\/wp-content\/uploads\/2023\/01\/AF_schema-systeme2-1024x318.jpg\" class=\"attachment-large size-large wp-image-3158\" alt=\"\" srcset=\"https:\/\/fhs.cd\/de\/wp-content\/uploads\/2023\/01\/AF_schema-systeme2-1024x318.jpg 1024w, https:\/\/fhs.cd\/de\/wp-content\/uploads\/2023\/01\/AF_schema-systeme2-300x93.jpg 300w, https:\/\/fhs.cd\/de\/wp-content\/uploads\/2023\/01\/AF_schema-systeme2-768x239.jpg 768w, https:\/\/fhs.cd\/de\/wp-content\/uploads\/2023\/01\/AF_schema-systeme2-1536x478.jpg 1536w, https:\/\/fhs.cd\/de\/wp-content\/uploads\/2023\/01\/AF_schema-systeme2-2048x637.jpg 2048w\" sizes=\"(max-width: 1024px) 100vw, 1024px\" \/>\t\t\t\t\t\t\t\t\t\t\t<figcaption class=\"widget-image-caption wp-caption-text\">Beschreibung im Text oben<\/figcaption>\n\t\t\t\t\t\t\t\t\t\t<\/figure>\n\t\t\t\t\t\t\t\t\t<\/div>\n\t\t\t\t<\/div>\n\t\t\t\t\t<\/div>\n\t\t<\/div>\n\t\t\t\t\t<\/div>\n\t\t<\/section>\n\t\t\t\t<\/div>\n\t\t","protected":false},"excerpt":{"rendered":"<p>Der Prozess der Agroforstwirtschaft Zum besseren Verst\u00e4ndnis der Bildbeschreibung der Schriftform hier die Erkl\u00e4rung (von [&hellip;]<\/p>\n","protected":false},"author":1,"featured_media":0,"parent":213,"menu_order":0,"comment_status":"closed","ping_status":"closed","template":"wp-custom-template-travail-agroforesterie","meta":{"_crdt_document":"","footnotes":""},"class_list":["post-235","page","type-page","status-publish","hentry"],"yoast_head":"<!-- This site is optimized with the Yoast SEO plugin v27.4 - https:\/\/yoast.com\/product\/yoast-seo-wordpress\/ -->\r\n<title>Agroforstwirtschaft | Fondation Hanns Seidel<\/title>\r\n<meta name=\"robots\" content=\"index, follow, max-snippet:-1, max-image-preview:large, max-video-preview:-1\" \/>\r\n<link rel=\"canonical\" href=\"https:\/\/fhs.cd\/de\/unsere-arbeit\/agroforstwirtschaft\/\" \/>\r\n<meta property=\"og:locale\" content=\"fr_FR\" \/>\r\n<meta property=\"og:type\" content=\"article\" \/>\r\n<meta property=\"og:title\" content=\"Agroforstwirtschaft | Fondation Hanns Seidel\" \/>\r\n<meta property=\"og:description\" content=\"Der Prozess der Agroforstwirtschaft Zum besseren Verst\u00e4ndnis der Bildbeschreibung der Schriftform hier die Erkl\u00e4rung (von [&hellip;]\" \/>\r\n<meta property=\"og:url\" content=\"https:\/\/fhs.cd\/de\/unsere-arbeit\/agroforstwirtschaft\/\" \/>\r\n<meta property=\"og:site_name\" content=\"Fondation Hanns Seidel\" \/>\r\n<meta property=\"article:modified_time\" content=\"2023-01-30T08:07:03+00:00\" \/>\r\n<meta property=\"og:image\" content=\"https:\/\/fhs.cd\/de\/wp-content\/uploads\/2023\/01\/2019-02-14_NTSIO_Tag-4_MD_0012-1024x683.jpg\" \/>\r\n<meta name=\"twitter:card\" content=\"summary_large_image\" \/>\r\n<meta name=\"twitter:label1\" content=\"Dur\u00e9e de lecture estim\u00e9e\" \/>\n\t<meta name=\"twitter:data1\" content=\"3 minutes\" \/>\r\n<script type=\"application\/ld+json\" class=\"yoast-schema-graph\">{\"@context\":\"https:\\\/\\\/schema.org\",\"@graph\":[{\"@type\":\"WebPage\",\"@id\":\"https:\\\/\\\/fhs.cd\\\/de\\\/unsere-arbeit\\\/agroforstwirtschaft\\\/\",\"url\":\"https:\\\/\\\/fhs.cd\\\/de\\\/unsere-arbeit\\\/agroforstwirtschaft\\\/\",\"name\":\"Agroforstwirtschaft | Fondation Hanns Seidel\",\"isPartOf\":{\"@id\":\"https:\\\/\\\/fhs.cd\\\/de\\\/#website\"},\"primaryImageOfPage\":{\"@id\":\"https:\\\/\\\/fhs.cd\\\/de\\\/unsere-arbeit\\\/agroforstwirtschaft\\\/#primaryimage\"},\"image\":{\"@id\":\"https:\\\/\\\/fhs.cd\\\/de\\\/unsere-arbeit\\\/agroforstwirtschaft\\\/#primaryimage\"},\"thumbnailUrl\":\"https:\\\/\\\/fhs.cd\\\/de\\\/wp-content\\\/uploads\\\/2023\\\/01\\\/2019-02-14_NTSIO_Tag-4_MD_0012-1024x683.jpg\",\"datePublished\":\"2022-11-14T14:43:48+00:00\",\"dateModified\":\"2023-01-30T08:07:03+00:00\",\"breadcrumb\":{\"@id\":\"https:\\\/\\\/fhs.cd\\\/de\\\/unsere-arbeit\\\/agroforstwirtschaft\\\/#breadcrumb\"},\"inLanguage\":\"fr-FR\",\"potentialAction\":[{\"@type\":\"ReadAction\",\"target\":[\"https:\\\/\\\/fhs.cd\\\/de\\\/unsere-arbeit\\\/agroforstwirtschaft\\\/\"]}]},{\"@type\":\"ImageObject\",\"inLanguage\":\"fr-FR\",\"@id\":\"https:\\\/\\\/fhs.cd\\\/de\\\/unsere-arbeit\\\/agroforstwirtschaft\\\/#primaryimage\",\"url\":\"https:\\\/\\\/fhs.cd\\\/de\\\/wp-content\\\/uploads\\\/2023\\\/01\\\/2019-02-14_NTSIO_Tag-4_MD_0012.jpg\",\"contentUrl\":\"https:\\\/\\\/fhs.cd\\\/de\\\/wp-content\\\/uploads\\\/2023\\\/01\\\/2019-02-14_NTSIO_Tag-4_MD_0012.jpg\",\"width\":1520,\"height\":1014},{\"@type\":\"BreadcrumbList\",\"@id\":\"https:\\\/\\\/fhs.cd\\\/de\\\/unsere-arbeit\\\/agroforstwirtschaft\\\/#breadcrumb\",\"itemListElement\":[{\"@type\":\"ListItem\",\"position\":1,\"name\":\"Accueil\",\"item\":\"https:\\\/\\\/fhs.cd\\\/de\\\/\"},{\"@type\":\"ListItem\",\"position\":2,\"name\":\"Unsere Arbeit\",\"item\":\"https:\\\/\\\/fhs.cd\\\/de\\\/unsere-arbeit\\\/\"},{\"@type\":\"ListItem\",\"position\":3,\"name\":\"Agroforstwirtschaft\"}]},{\"@type\":\"WebSite\",\"@id\":\"https:\\\/\\\/fhs.cd\\\/de\\\/#website\",\"url\":\"https:\\\/\\\/fhs.cd\\\/de\\\/\",\"name\":\"Fondation Hanns Seidel\",\"description\":\"\",\"publisher\":{\"@id\":\"https:\\\/\\\/fhs.cd\\\/de\\\/#organization\"},\"potentialAction\":[{\"@type\":\"SearchAction\",\"target\":{\"@type\":\"EntryPoint\",\"urlTemplate\":\"https:\\\/\\\/fhs.cd\\\/de\\\/?s={search_term_string}\"},\"query-input\":{\"@type\":\"PropertyValueSpecification\",\"valueRequired\":true,\"valueName\":\"search_term_string\"}}],\"inLanguage\":\"fr-FR\"},{\"@type\":\"Organization\",\"@id\":\"https:\\\/\\\/fhs.cd\\\/de\\\/#organization\",\"name\":\"Fondation Hanns Seidel\",\"url\":\"https:\\\/\\\/fhs.cd\\\/de\\\/\",\"logo\":{\"@type\":\"ImageObject\",\"inLanguage\":\"fr-FR\",\"@id\":\"https:\\\/\\\/fhs.cd\\\/de\\\/#\\\/schema\\\/logo\\\/image\\\/\",\"url\":\"https:\\\/\\\/fhs.cd\\\/de\\\/wp-content\\\/uploads\\\/2023\\\/01\\\/cropped-FHS-Logo_fran_RGB_40.jpg\",\"contentUrl\":\"https:\\\/\\\/fhs.cd\\\/de\\\/wp-content\\\/uploads\\\/2023\\\/01\\\/cropped-FHS-Logo_fran_RGB_40.jpg\",\"width\":570,\"height\":280,\"caption\":\"Fondation Hanns Seidel\"},\"image\":{\"@id\":\"https:\\\/\\\/fhs.cd\\\/de\\\/#\\\/schema\\\/logo\\\/image\\\/\"}}]}<\/script>\r\n<!-- \/ Yoast SEO plugin. -->","yoast_head_json":{"title":"Agroforstwirtschaft | Fondation Hanns Seidel","robots":{"index":"index","follow":"follow","max-snippet":"max-snippet:-1","max-image-preview":"max-image-preview:large","max-video-preview":"max-video-preview:-1"},"canonical":"https:\/\/fhs.cd\/de\/unsere-arbeit\/agroforstwirtschaft\/","og_locale":"fr_FR","og_type":"article","og_title":"Agroforstwirtschaft | Fondation Hanns Seidel","og_description":"Der Prozess der Agroforstwirtschaft Zum besseren Verst\u00e4ndnis der Bildbeschreibung der Schriftform hier die Erkl\u00e4rung (von [&hellip;]","og_url":"https:\/\/fhs.cd\/de\/unsere-arbeit\/agroforstwirtschaft\/","og_site_name":"Fondation Hanns Seidel","article_modified_time":"2023-01-30T08:07:03+00:00","og_image":[{"url":"https:\/\/fhs.cd\/de\/wp-content\/uploads\/2023\/01\/2019-02-14_NTSIO_Tag-4_MD_0012-1024x683.jpg","type":"","width":"","height":""}],"twitter_card":"summary_large_image","twitter_misc":{"Dur\u00e9e de lecture estim\u00e9e":"3 minutes"},"schema":{"@context":"https:\/\/schema.org","@graph":[{"@type":"WebPage","@id":"https:\/\/fhs.cd\/de\/unsere-arbeit\/agroforstwirtschaft\/","url":"https:\/\/fhs.cd\/de\/unsere-arbeit\/agroforstwirtschaft\/","name":"Agroforstwirtschaft | Fondation Hanns Seidel","isPartOf":{"@id":"https:\/\/fhs.cd\/de\/#website"},"primaryImageOfPage":{"@id":"https:\/\/fhs.cd\/de\/unsere-arbeit\/agroforstwirtschaft\/#primaryimage"},"image":{"@id":"https:\/\/fhs.cd\/de\/unsere-arbeit\/agroforstwirtschaft\/#primaryimage"},"thumbnailUrl":"https:\/\/fhs.cd\/de\/wp-content\/uploads\/2023\/01\/2019-02-14_NTSIO_Tag-4_MD_0012-1024x683.jpg","datePublished":"2022-11-14T14:43:48+00:00","dateModified":"2023-01-30T08:07:03+00:00","breadcrumb":{"@id":"https:\/\/fhs.cd\/de\/unsere-arbeit\/agroforstwirtschaft\/#breadcrumb"},"inLanguage":"fr-FR","potentialAction":[{"@type":"ReadAction","target":["https:\/\/fhs.cd\/de\/unsere-arbeit\/agroforstwirtschaft\/"]}]},{"@type":"ImageObject","inLanguage":"fr-FR","@id":"https:\/\/fhs.cd\/de\/unsere-arbeit\/agroforstwirtschaft\/#primaryimage","url":"https:\/\/fhs.cd\/de\/wp-content\/uploads\/2023\/01\/2019-02-14_NTSIO_Tag-4_MD_0012.jpg","contentUrl":"https:\/\/fhs.cd\/de\/wp-content\/uploads\/2023\/01\/2019-02-14_NTSIO_Tag-4_MD_0012.jpg","width":1520,"height":1014},{"@type":"BreadcrumbList","@id":"https:\/\/fhs.cd\/de\/unsere-arbeit\/agroforstwirtschaft\/#breadcrumb","itemListElement":[{"@type":"ListItem","position":1,"name":"Accueil","item":"https:\/\/fhs.cd\/de\/"},{"@type":"ListItem","position":2,"name":"Unsere Arbeit","item":"https:\/\/fhs.cd\/de\/unsere-arbeit\/"},{"@type":"ListItem","position":3,"name":"Agroforstwirtschaft"}]},{"@type":"WebSite","@id":"https:\/\/fhs.cd\/de\/#website","url":"https:\/\/fhs.cd\/de\/","name":"Fondation Hanns Seidel","description":"","publisher":{"@id":"https:\/\/fhs.cd\/de\/#organization"},"potentialAction":[{"@type":"SearchAction","target":{"@type":"EntryPoint","urlTemplate":"https:\/\/fhs.cd\/de\/?s={search_term_string}"},"query-input":{"@type":"PropertyValueSpecification","valueRequired":true,"valueName":"search_term_string"}}],"inLanguage":"fr-FR"},{"@type":"Organization","@id":"https:\/\/fhs.cd\/de\/#organization","name":"Fondation Hanns Seidel","url":"https:\/\/fhs.cd\/de\/","logo":{"@type":"ImageObject","inLanguage":"fr-FR","@id":"https:\/\/fhs.cd\/de\/#\/schema\/logo\/image\/","url":"https:\/\/fhs.cd\/de\/wp-content\/uploads\/2023\/01\/cropped-FHS-Logo_fran_RGB_40.jpg","contentUrl":"https:\/\/fhs.cd\/de\/wp-content\/uploads\/2023\/01\/cropped-FHS-Logo_fran_RGB_40.jpg","width":570,"height":280,"caption":"Fondation Hanns Seidel"},"image":{"@id":"https:\/\/fhs.cd\/de\/#\/schema\/logo\/image\/"}}]}},"_links":{"self":[{"href":"https:\/\/fhs.cd\/de\/wp-json\/wp\/v2\/pages\/235","targetHints":{"allow":["GET"]}}],"collection":[{"href":"https:\/\/fhs.cd\/de\/wp-json\/wp\/v2\/pages"}],"about":[{"href":"https:\/\/fhs.cd\/de\/wp-json\/wp\/v2\/types\/page"}],"author":[{"embeddable":true,"href":"https:\/\/fhs.cd\/de\/wp-json\/wp\/v2\/users\/1"}],"replies":[{"embeddable":true,"href":"https:\/\/fhs.cd\/de\/wp-json\/wp\/v2\/comments?post=235"}],"version-history":[{"count":7,"href":"https:\/\/fhs.cd\/de\/wp-json\/wp\/v2\/pages\/235\/revisions"}],"predecessor-version":[{"id":3534,"href":"https:\/\/fhs.cd\/de\/wp-json\/wp\/v2\/pages\/235\/revisions\/3534"}],"up":[{"embeddable":true,"href":"https:\/\/fhs.cd\/de\/wp-json\/wp\/v2\/pages\/213"}],"wp:attachment":[{"href":"https:\/\/fhs.cd\/de\/wp-json\/wp\/v2\/media?parent=235"}],"curies":[{"name":"wp","href":"https:\/\/api.w.org\/{rel}","templated":true}]}}